{"id":4370,"date":"2024-07-19T06:31:35","date_gmt":"2024-07-19T09:31:35","guid":{"rendered":"https:\/\/iicsanpaolo.esteri.it\/?page_id=4370"},"modified":"2024-07-19T06:31:35","modified_gmt":"2024-07-19T09:31:35","slug":"archivio-eventi","status":"publish","type":"page","link":"https:\/\/iicsanpaolo.esteri.it\/it\/gli_eventi\/archivio-eventi\/","title":{"rendered":"Archivio eventi"},"content":{"rendered":"        <div class=\"row\">\n\t\t\t<!-- Ricerca sedi post -->\n\t\t\t<div class=\"col-12 mt-4\">\n\t\t\t  <div class=\"callout callout-highlight note ricerca-esteri p-4\">\n                    <div class=\"callout-title\">\n                        <svg class=\"icon\">\n                            <use xlink:href=\"https:\/\/iicsanpaolo.esteri.it\/wp-content\/themes\/sedi-tema\/assets\/svg\/sprites.svg#it-search\"><\/use>\n                        <\/svg>Inserisci i parametri di ricerca                    <\/div>\n                    <form id=\"searchFormPost\" name=\"form-search-post\" class=\"form-row align-items-center\" action=\"https:\/\/iicsanpaolo.esteri.it\/it\/wp-json\/wp\/v2\/pages\/4370\/\" method=\"GET\"> \n                        <!-- <div class=\"form-group pt-5\"> -->\n                            <!-- <input type=\"hidden\" id=\"lang\" name=\"lang\" value=\"\"> --> <!-- <\/div> -->\n\n                        <div class=\"it-datepicker-wrapper\">\n                            <div class=\"row\">\n                                <div class=\"form-group col-md-6\">\n                                    <label class=\"active\" for=\"date-init\">Dal<\/label>\n                                    <input class=\"form-control\" name=\"date-init\" id=\"date-init\" type=\"date\" placeholder=\"gg\/mm\/aaaa\" value=\"\"lang=\"en-EN\">  \n                                <\/div>\n                                <div class=\"form-group col-md-6\">\n                                    <label class=\"active\" for=\"date-end\">Al<\/label>\n                                    <input class=\"form-control\" name=\"date-end\" id=\"date-end\" type=\"date\" placeholder=\"gg\/mm\/aaaa\" value=\"\">\n                                <\/div>\n                            <\/div>\n                        <\/div>\n                        <div class=\"form-group col-md-12 mt-3\">\n                            <label for=\"searchText\">Campo ricerca libera<\/label>\n                            <input type=\"text\" name=\"searchText\" class=\"form-control\" id=\"searchText\" value=\"\">\n                        <\/div>\n                        <div class=\"form-group col-md-4 offset-md-8 text-end\">\n                            <a href=\"https:\/\/iicsanpaolo.esteri.it\/it\/gli_eventi\/archivio-eventi\/\" title=\"Form reset\" id=\"resetImput\" class=\"btn btn-outline-primary btn-xs\">Reset<\/a>\n                            <button type=\"submit\" class=\"btn btn-primary btn-xs\">Mostra risultati<\/button>\n                        <\/div>\n                    <\/form>\n\t\t\t\t<\/div>\n\t\t\t<\/div>\n\t\t<\/div>\n                    \n            <div class=\"row\">\n                            <div class=\"col-12 mt-3\">\n                <!--start card-->\n                <div class=\"card-wrapper card-space\">\n                    <div class=\"card card-bg card-big border-bottom-card\">\n                        <div class=\"card-body row\">\n                                                    <div class=\"col-sm-3\">\n                                <div class=\"img-responsive\">\n                                    <figure class=\"img-wrapper\">\n                                        <a href=\"https:\/\/iicsanpaolo.esteri.it\/it\/gli_eventi\/calendario\/arte-presentazione-del-catalogo-a-arte-deve-viver-ao-sol-gastone-novelli-no-brasil\/\" title=\"Leggi l'articolo: Arte | Presentazione del catalogo &#8220;A ARTE DEVE VIVER AO SOL \u2013 GASTONE NOVELLI NO BRASIL&#8221;\">\n                                                                                            <img loading=\"lazy\" decoding=\"async\" width=\"300\" height=\"176\" src=\"https:\/\/iicsanpaolo.esteri.it\/wp-content\/uploads\/2026\/08\/Arte-Lancamento-Gastone-Novelli-Horizontal-300x176.jpg\" srcset=\"https:\/\/iicsanpaolo.esteri.it\/wp-content\/uploads\/2026\/08\/Arte-Lancamento-Gastone-Novelli-Horizontal.jpg 1920w, https:\/\/iicsanpaolo.esteri.it\/wp-content\/uploads\/2026\/08\/Arte-Lancamento-Gastone-Novelli-Horizontal-300x176.jpg 300w, https:\/\/iicsanpaolo.esteri.it\/wp-content\/uploads\/2026\/08\/Arte-Lancamento-Gastone-Novelli-Horizontal-1024x600.jpg 1024w, https:\/\/iicsanpaolo.esteri.it\/wp-content\/uploads\/2026\/08\/Arte-Lancamento-Gastone-Novelli-Horizontal-768x450.jpg 768w\" sizes=\"auto, (max-width: 1920px) 100vw, 1920px\"  title=\"Arte Lan\u00e7amento Gastone Novelli Horizontal\" alt=\"\" class=\"img-fluid\">\n                                                                                    <\/a>\n                                    <\/figure>\n                                <\/div>\n                            <\/div>\n                            <div class=\"col-sm-9\">\n                                                            <div class=\"category-top\">\n                                    <span class=\"fw-bold text-danger\">Concluso<\/span>                                                                        <span class=\"data\">\n                                        <svg class=\"icon icon-secondary\">\n                                            <use xlink:href=\"https:\/\/iicsanpaolo.esteri.it\/wp-content\/themes\/sedi-tema\/assets\/svg\/sprites.svg#it-calendar\"><\/use>\n                                        <\/svg> Gio 27 Ago 2026<svg class=\"icon icon-xs icon-secondary me-1 ms-1\"><use href=\"https:\/\/iicsanpaolo.esteri.it\/wp-content\/themes\/sedi-tema\/assets\/svg\/sprites.svg#it-arrow-right\"><\/use><\/svg>Gio 27 Ago 2026                                    <\/span>\n                                                                    <\/div>\n                            <h5 class=\"card-title big-heading text-uppercase\"><a class=\"text-body text-decoration-none\" href=\"https:\/\/iicsanpaolo.esteri.it\/it\/gli_eventi\/calendario\/arte-presentazione-del-catalogo-a-arte-deve-viver-ao-sol-gastone-novelli-no-brasil\/\" title=\"Arte | Presentazione del catalogo &#8220;A ARTE DEVE VIVER AO SOL \u2013 GASTONE NOVELLI NO BRASIL&#8221;\">Arte | Presentazione del catalogo &#8220;A ARTE DEVE VIVER AO SOL \u2013 GASTONE NOVELLI NO BRASIL&#8221;<\/a><\/h5>\n                            <p class=\"card-text\">L&#8217;Istituto Italiano di Cultura di San Paolo e il Museu de Arte Contempor\u00e2nea da Universidade de S\u00e3o Paulo (MAC USP) promuovo il 27 agosto alle 19:00 la presentazione del catalogo della mostra &#8220;A arte deve viver ao sol. Gastone Novelli no Brasil&#8221;, dedicata all&#8217;artista italiano Gastone Novelli &#8211; realizzata dall&#8217;IICSP in collaborazione con MAC USP [&hellip;]<\/p>\n                                <a title=\"Arte | Presentazione del catalogo &#8220;A ARTE DEVE VIVER AO SOL \u2013 GASTONE NOVELLI NO BRASIL&#8221;\" class=\"read-more\" href=\"https:\/\/iicsanpaolo.esteri.it\/it\/gli_eventi\/calendario\/arte-presentazione-del-catalogo-a-arte-deve-viver-ao-sol-gastone-novelli-no-brasil\/\">\n                                    <span class=\"text\">Leggi di pi\u00f9<\/span>\n                                    <svg class=\"icon\">\n                                    <use xlink:href=\"https:\/\/iicsanpaolo.esteri.it\/wp-content\/themes\/sedi-tema\/assets\/svg\/sprites.svg#it-arrow-right\"><\/use>\n                                    <\/svg>\n                                <\/a>\n                                                        <\/div>\n                                                    <\/div>\n                    <\/div>\n                <\/div>\n                <!--end card-->\n                <\/div><!-- col-12 .mt-3-->\n                            <div class=\"col-12 mt-3\">\n                <!--start card-->\n                <div class=\"card-wrapper card-space\">\n                    <div class=\"card card-bg card-big border-bottom-card\">\n                        <div class=\"card-body row\">\n                                                    <div class=\"col-sm-3\">\n                                <div class=\"img-responsive\">\n                                    <figure class=\"img-wrapper\">\n                                        <a href=\"https:\/\/iicsanpaolo.esteri.it\/it\/gli_eventi\/calendario\/teatro-conferenza-la-parola-nelle-mani-o-fantoche-como-linguagem-pedagogica-uma-reflexao-sobre-o-teatro-de-animacao-entre-narrativa-educacao-e-relacoes\/\" title=\"Leggi l'articolo: Teatro | Conferenza \u201cLa parola nelle mani &#8211; O Fantoche como Linguagem Pedag\u00f3gica: uma reflex\u00e3o sobre o Teatro de Anima\u00e7\u00e3o entre narrativa, educa\u00e7\u00e3o e rela\u00e7\u00f5es\u201d\">\n                                                                                            <img loading=\"lazy\" decoding=\"async\" width=\"300\" height=\"176\" src=\"https:\/\/iicsanpaolo.esteri.it\/wp-content\/uploads\/2026\/08\/IIC_BURATTINI_CAPA_PALESTRA-FOCUS-Copia-300x176.jpg\" srcset=\"https:\/\/iicsanpaolo.esteri.it\/wp-content\/uploads\/2026\/08\/IIC_BURATTINI_CAPA_PALESTRA-FOCUS-Copia.jpg 1920w, https:\/\/iicsanpaolo.esteri.it\/wp-content\/uploads\/2026\/08\/IIC_BURATTINI_CAPA_PALESTRA-FOCUS-Copia-300x176.jpg 300w, https:\/\/iicsanpaolo.esteri.it\/wp-content\/uploads\/2026\/08\/IIC_BURATTINI_CAPA_PALESTRA-FOCUS-Copia-1024x600.jpg 1024w, https:\/\/iicsanpaolo.esteri.it\/wp-content\/uploads\/2026\/08\/IIC_BURATTINI_CAPA_PALESTRA-FOCUS-Copia-768x450.jpg 768w\" sizes=\"auto, (max-width: 1920px) 100vw, 1920px\"  title=\"IIC_BURATTINI_CAPA_PALESTRA-FOCUS &#8211; Copia\" alt=\"\" class=\"img-fluid\">\n                                                                                    <\/a>\n                                    <\/figure>\n                                <\/div>\n                            <\/div>\n                            <div class=\"col-sm-9\">\n                                                            <div class=\"category-top\">\n                                    <span class=\"fw-bold text-danger\">Concluso<\/span>                                                                        <span class=\"data\">\n                                        <svg class=\"icon icon-secondary\">\n                                            <use xlink:href=\"https:\/\/iicsanpaolo.esteri.it\/wp-content\/themes\/sedi-tema\/assets\/svg\/sprites.svg#it-calendar\"><\/use>\n                                        <\/svg> Mar 25 Ago 2026<svg class=\"icon icon-xs icon-secondary me-1 ms-1\"><use href=\"https:\/\/iicsanpaolo.esteri.it\/wp-content\/themes\/sedi-tema\/assets\/svg\/sprites.svg#it-arrow-right\"><\/use><\/svg>Mar 25 Ago 2026                                    <\/span>\n                                                                    <\/div>\n                            <h5 class=\"card-title big-heading text-uppercase\"><a class=\"text-body text-decoration-none\" href=\"https:\/\/iicsanpaolo.esteri.it\/it\/gli_eventi\/calendario\/teatro-conferenza-la-parola-nelle-mani-o-fantoche-como-linguagem-pedagogica-uma-reflexao-sobre-o-teatro-de-animacao-entre-narrativa-educacao-e-relacoes\/\" title=\"Teatro | Conferenza \u201cLa parola nelle mani &#8211; O Fantoche como Linguagem Pedag\u00f3gica: uma reflex\u00e3o sobre o Teatro de Anima\u00e7\u00e3o entre narrativa, educa\u00e7\u00e3o e rela\u00e7\u00f5es\u201d\">Teatro | Conferenza \u201cLa parola nelle mani &#8211; O Fantoche como Linguagem Pedag\u00f3gica: uma reflex\u00e3o sobre o Teatro de Anima\u00e7\u00e3o entre narrativa, educa\u00e7\u00e3o e rela\u00e7\u00f5es\u201d<\/a><\/h5>\n                            <p class=\"card-text\">Dal 22 al 27 agosto, l\u2019Istituto Italiano di Cultura di San Paolo propone un programma dedicato al teatro dei burattini della tradizione italiana, con spettacoli, conferenze, laboratori e attivit\u00e0 formative condotte dal burattinaio e ricercatore italiano Moreno Pigoni, fondatore del gruppo I Burattini della Commedia. Rivolte a pubblici diversi, le attivit\u00e0 esplorano il teatro di [&hellip;]<\/p>\n                                <a title=\"Teatro | Conferenza \u201cLa parola nelle mani &#8211; O Fantoche como Linguagem Pedag\u00f3gica: uma reflex\u00e3o sobre o Teatro de Anima\u00e7\u00e3o entre narrativa, educa\u00e7\u00e3o e rela\u00e7\u00f5es\u201d\" class=\"read-more\" href=\"https:\/\/iicsanpaolo.esteri.it\/it\/gli_eventi\/calendario\/teatro-conferenza-la-parola-nelle-mani-o-fantoche-como-linguagem-pedagogica-uma-reflexao-sobre-o-teatro-de-animacao-entre-narrativa-educacao-e-relacoes\/\">\n                                    <span class=\"text\">Leggi di pi\u00f9<\/span>\n                                    <svg class=\"icon\">\n                                    <use xlink:href=\"https:\/\/iicsanpaolo.esteri.it\/wp-content\/themes\/sedi-tema\/assets\/svg\/sprites.svg#it-arrow-right\"><\/use>\n                                    <\/svg>\n                                <\/a>\n                                                        <\/div>\n                                                    <\/div>\n                    <\/div>\n                <\/div>\n                <!--end card-->\n                <\/div><!-- col-12 .mt-3-->\n                            <div class=\"col-12 mt-3\">\n                <!--start card-->\n                <div class=\"card-wrapper card-space\">\n                    <div class=\"card card-bg card-big border-bottom-card\">\n                        <div class=\"card-body row\">\n                                                    <div class=\"col-sm-3\">\n                                <div class=\"img-responsive\">\n                                    <figure class=\"img-wrapper\">\n                                        <a href=\"https:\/\/iicsanpaolo.esteri.it\/it\/gli_eventi\/calendario\/teatro-i-burattini-della-commedia-formazione-incontri-e-laboratori-alla-scuola-italiana-eugenio-montale\/\" title=\"Leggi l'articolo: Teatro | I Burattini della Commedia -Formazione, incontri e laboratori alla Scuola Italiana Eugenio Montale\">\n                                                                                            <img loading=\"lazy\" decoding=\"async\" width=\"180\" height=\"180\" src=\"https:\/\/iicsanpaolo.esteri.it\/wp-content\/uploads\/2026\/08\/lab-1.jpg\" srcset=\"https:\/\/iicsanpaolo.esteri.it\/wp-content\/uploads\/2026\/08\/lab-1.jpg 180w, https:\/\/iicsanpaolo.esteri.it\/wp-content\/uploads\/2026\/08\/lab-1-150x150.jpg 150w\" sizes=\"auto, (max-width: 180px) 100vw, 180px\"  title=\"lab\" alt=\"\" class=\"img-fluid\">\n                                                                                    <\/a>\n                                    <\/figure>\n                                <\/div>\n                            <\/div>\n                            <div class=\"col-sm-9\">\n                                                            <div class=\"category-top\">\n                                    <span class=\"fw-bold text-danger\">Concluso<\/span>                                                                        <span class=\"data\">\n                                        <svg class=\"icon icon-secondary\">\n                                            <use xlink:href=\"https:\/\/iicsanpaolo.esteri.it\/wp-content\/themes\/sedi-tema\/assets\/svg\/sprites.svg#it-calendar\"><\/use>\n                                        <\/svg> Lun 24 Ago 2026<svg class=\"icon icon-xs icon-secondary me-1 ms-1\"><use href=\"https:\/\/iicsanpaolo.esteri.it\/wp-content\/themes\/sedi-tema\/assets\/svg\/sprites.svg#it-arrow-right\"><\/use><\/svg>Ven 28 Ago 2026                                    <\/span>\n                                                                    <\/div>\n                            <h5 class=\"card-title big-heading text-uppercase\"><a class=\"text-body text-decoration-none\" href=\"https:\/\/iicsanpaolo.esteri.it\/it\/gli_eventi\/calendario\/teatro-i-burattini-della-commedia-formazione-incontri-e-laboratori-alla-scuola-italiana-eugenio-montale\/\" title=\"Teatro | I Burattini della Commedia -Formazione, incontri e laboratori alla Scuola Italiana Eugenio Montale\">Teatro | I Burattini della Commedia -Formazione, incontri e laboratori alla Scuola Italiana Eugenio Montale<\/a><\/h5>\n                            <p class=\"card-text\">Quattro giornate dedicate al teatro dei burattini, alla creativit\u00e0 e alla scoperta delle potenzialit\u00e0 educative del Teatro di Figura hanno coinvolto insegnanti e studenti della Scuola Italiana Eugenio Montale dal 24 al 28 agosto 2026. Il percorso, curato da Burattini della Commedia, realt\u00e0 artigianale specializzata nel teatro dei burattini della Commedia dell\u2019Arte, ha proposto attivit\u00e0 [&hellip;]<\/p>\n                                <a title=\"Teatro | I Burattini della Commedia -Formazione, incontri e laboratori alla Scuola Italiana Eugenio Montale\" class=\"read-more\" href=\"https:\/\/iicsanpaolo.esteri.it\/it\/gli_eventi\/calendario\/teatro-i-burattini-della-commedia-formazione-incontri-e-laboratori-alla-scuola-italiana-eugenio-montale\/\">\n                                    <span class=\"text\">Leggi di pi\u00f9<\/span>\n                                    <svg class=\"icon\">\n                                    <use xlink:href=\"https:\/\/iicsanpaolo.esteri.it\/wp-content\/themes\/sedi-tema\/assets\/svg\/sprites.svg#it-arrow-right\"><\/use>\n                                    <\/svg>\n                                <\/a>\n                                                        <\/div>\n                                                    <\/div>\n                    <\/div>\n                <\/div>\n                <!--end card-->\n                <\/div><!-- col-12 .mt-3-->\n                            <div class=\"col-12 mt-3\">\n                <!--start card-->\n                <div class=\"card-wrapper card-space\">\n                    <div class=\"card card-bg card-big border-bottom-card\">\n                        <div class=\"card-body row\">\n                                                    <div class=\"col-sm-3\">\n                                <div class=\"img-responsive\">\n                                    <figure class=\"img-wrapper\">\n                                        <a href=\"https:\/\/iicsanpaolo.esteri.it\/it\/gli_eventi\/calendario\/teatro-arlecchino-e-colombina-e-la-festa-da-ballo\/\" title=\"Leggi l'articolo: TEATRO | Arlecchino e Colombina e la festa da ballo\">\n                                                                                            <img loading=\"lazy\" decoding=\"async\" width=\"300\" height=\"200\" src=\"https:\/\/iicsanpaolo.esteri.it\/wp-content\/uploads\/2026\/08\/MORENO-arlec3-300x200.jpg\" srcset=\"https:\/\/iicsanpaolo.esteri.it\/wp-content\/uploads\/2026\/08\/MORENO-arlec3.jpg 978w, https:\/\/iicsanpaolo.esteri.it\/wp-content\/uploads\/2026\/08\/MORENO-arlec3-300x200.jpg 300w, https:\/\/iicsanpaolo.esteri.it\/wp-content\/uploads\/2026\/08\/MORENO-arlec3-768x512.jpg 768w\" sizes=\"auto, (max-width: 978px) 100vw, 978px\"  title=\"MORENO arlec(3)\" alt=\"\" class=\"img-fluid\">\n                                                                                    <\/a>\n                                    <\/figure>\n                                <\/div>\n                            <\/div>\n                            <div class=\"col-sm-9\">\n                                                            <div class=\"category-top\">\n                                    <span class=\"fw-bold text-danger\">Concluso<\/span>                                                                        <span class=\"data\">\n                                        <svg class=\"icon icon-secondary\">\n                                            <use xlink:href=\"https:\/\/iicsanpaolo.esteri.it\/wp-content\/themes\/sedi-tema\/assets\/svg\/sprites.svg#it-calendar\"><\/use>\n                                        <\/svg> Sab 22 Ago 2026<svg class=\"icon icon-xs icon-secondary me-1 ms-1\"><use href=\"https:\/\/iicsanpaolo.esteri.it\/wp-content\/themes\/sedi-tema\/assets\/svg\/sprites.svg#it-arrow-right\"><\/use><\/svg>Sab 22 Ago 2026                                    <\/span>\n                                                                    <\/div>\n                            <h5 class=\"card-title big-heading text-uppercase\"><a class=\"text-body text-decoration-none\" href=\"https:\/\/iicsanpaolo.esteri.it\/it\/gli_eventi\/calendario\/teatro-arlecchino-e-colombina-e-la-festa-da-ballo\/\" title=\"TEATRO | Arlecchino e Colombina e la festa da ballo\">TEATRO | Arlecchino e Colombina e la festa da ballo<\/a><\/h5>\n                            <p class=\"card-text\">Dal 22 al 27 agosto, l\u2019Istituto Italiano di Cultura di San Paolo propone un programma dedicato al teatro dei burattini della tradizione italiana, con spettacoli, conferenze, laboratori e attivit\u00e0 formative condotte dal burattinaio e ricercatore italiano Moreno Pigoni, fondatore del gruppo I Burattini della Commedia. Il programma prende il via il 22 agosto con lo [&hellip;]<\/p>\n                                <a title=\"TEATRO | Arlecchino e Colombina e la festa da ballo\" class=\"read-more\" href=\"https:\/\/iicsanpaolo.esteri.it\/it\/gli_eventi\/calendario\/teatro-arlecchino-e-colombina-e-la-festa-da-ballo\/\">\n                                    <span class=\"text\">Leggi di pi\u00f9<\/span>\n                                    <svg class=\"icon\">\n                                    <use xlink:href=\"https:\/\/iicsanpaolo.esteri.it\/wp-content\/themes\/sedi-tema\/assets\/svg\/sprites.svg#it-arrow-right\"><\/use>\n                                    <\/svg>\n                                <\/a>\n                                                        <\/div>\n                                                    <\/div>\n                    <\/div>\n                <\/div>\n                <!--end card-->\n                <\/div><!-- col-12 .mt-3-->\n                            <div class=\"col-12 mt-3\">\n                <!--start card-->\n                <div class=\"card-wrapper card-space\">\n                    <div class=\"card card-bg card-big border-bottom-card\">\n                        <div class=\"card-body row\">\n                                                    <div class=\"col-sm-3\">\n                                <div class=\"img-responsive\">\n                                    <figure class=\"img-wrapper\">\n                                        <a href=\"https:\/\/iicsanpaolo.esteri.it\/it\/gli_eventi\/calendario\/scienze-ciclo-di-conferenze-atopos-incontri-di-agosto\/\" title=\"Leggi l'articolo: Scienze | Ciclo di Conferenze Atopos: Incontri di agosto\">\n                                                                                            <img loading=\"lazy\" decoding=\"async\" width=\"300\" height=\"300\" src=\"https:\/\/iicsanpaolo.esteri.it\/wp-content\/uploads\/2026\/08\/WhatsApp-Image-2026-08-14-at-11.44.49-300x300.jpeg\" srcset=\"https:\/\/iicsanpaolo.esteri.it\/wp-content\/uploads\/2026\/08\/WhatsApp-Image-2026-08-14-at-11.44.49.jpeg 1254w, https:\/\/iicsanpaolo.esteri.it\/wp-content\/uploads\/2026\/08\/WhatsApp-Image-2026-08-14-at-11.44.49-300x300.jpeg 300w, https:\/\/iicsanpaolo.esteri.it\/wp-content\/uploads\/2026\/08\/WhatsApp-Image-2026-08-14-at-11.44.49-1024x1024.jpeg 1024w, https:\/\/iicsanpaolo.esteri.it\/wp-content\/uploads\/2026\/08\/WhatsApp-Image-2026-08-14-at-11.44.49-150x150.jpeg 150w, https:\/\/iicsanpaolo.esteri.it\/wp-content\/uploads\/2026\/08\/WhatsApp-Image-2026-08-14-at-11.44.49-768x768.jpeg 768w\" sizes=\"auto, (max-width: 1254px) 100vw, 1254px\"  title=\"WhatsApp Image 2026-08-14 at 11.44.49\" alt=\"\" class=\"img-fluid\">\n                                                                                    <\/a>\n                                    <\/figure>\n                                <\/div>\n                            <\/div>\n                            <div class=\"col-sm-9\">\n                                                            <div class=\"category-top\">\n                                    <span class=\"fw-bold text-danger\">Concluso<\/span>                                                                        <span class=\"data\">\n                                        <svg class=\"icon icon-secondary\">\n                                            <use xlink:href=\"https:\/\/iicsanpaolo.esteri.it\/wp-content\/themes\/sedi-tema\/assets\/svg\/sprites.svg#it-calendar\"><\/use>\n                                        <\/svg> Mer 19 Ago 2026<svg class=\"icon icon-xs icon-secondary me-1 ms-1\"><use href=\"https:\/\/iicsanpaolo.esteri.it\/wp-content\/themes\/sedi-tema\/assets\/svg\/sprites.svg#it-arrow-right\"><\/use><\/svg>Mer 26 Ago 2026                                    <\/span>\n                                                                    <\/div>\n                            <h5 class=\"card-title big-heading text-uppercase\"><a class=\"text-body text-decoration-none\" href=\"https:\/\/iicsanpaolo.esteri.it\/it\/gli_eventi\/calendario\/scienze-ciclo-di-conferenze-atopos-incontri-di-agosto\/\" title=\"Scienze | Ciclo di Conferenze Atopos: Incontri di agosto\">Scienze | Ciclo di Conferenze Atopos: Incontri di agosto<\/a><\/h5>\n                            <p class=\"card-text\">Il 19 e il 26 agosto 2026, l\u2019Istituto di Studi Avanzati dell\u2019Universit\u00e0 di San Paolo (IEA-USP) ospiter\u00e0 due incontri dedicati alle relazioni tra tecnologia, ambiente, biodiversit\u00e0, dati e diverse forme di conoscenza, proponendo una riflessione sui modi in cui le tecnologie digitali possono contribuire a ripensare il nostro comune. Le attivit\u00e0 fanno parte di un [&hellip;]<\/p>\n                                <a title=\"Scienze | Ciclo di Conferenze Atopos: Incontri di agosto\" class=\"read-more\" href=\"https:\/\/iicsanpaolo.esteri.it\/it\/gli_eventi\/calendario\/scienze-ciclo-di-conferenze-atopos-incontri-di-agosto\/\">\n                                    <span class=\"text\">Leggi di pi\u00f9<\/span>\n                                    <svg class=\"icon\">\n                                    <use xlink:href=\"https:\/\/iicsanpaolo.esteri.it\/wp-content\/themes\/sedi-tema\/assets\/svg\/sprites.svg#it-arrow-right\"><\/use>\n                                    <\/svg>\n                                <\/a>\n                                                        <\/div>\n                                                    <\/div>\n                    <\/div>\n                <\/div>\n                <!--end card-->\n                <\/div><!-- col-12 .mt-3-->\n                            <div class=\"col-12 mt-3\">\n                <!--start card-->\n                <div class=\"card-wrapper card-space\">\n                    <div class=\"card card-bg card-big border-bottom-card\">\n                        <div class=\"card-body row\">\n                                                    <div class=\"col-sm-3\">\n                                <div class=\"img-responsive\">\n                                    <figure class=\"img-wrapper\">\n                                        <a href=\"https:\/\/iicsanpaolo.esteri.it\/it\/gli_eventi\/calendario\/lingua-italiana-sabato-culturale\/\" title=\"Leggi l'articolo: Lingua italiana | Sabato Culturale\">\n                                                                                            <img loading=\"lazy\" decoding=\"async\" width=\"300\" height=\"168\" src=\"https:\/\/iicsanpaolo.esteri.it\/wp-content\/uploads\/2026\/08\/iNS-iTA-CULT-07-300x168.jpg\" srcset=\"https:\/\/iicsanpaolo.esteri.it\/wp-content\/uploads\/2026\/08\/iNS-iTA-CULT-07.jpg 1920w, https:\/\/iicsanpaolo.esteri.it\/wp-content\/uploads\/2026\/08\/iNS-iTA-CULT-07-300x168.jpg 300w, https:\/\/iicsanpaolo.esteri.it\/wp-content\/uploads\/2026\/08\/iNS-iTA-CULT-07-1024x575.jpg 1024w, https:\/\/iicsanpaolo.esteri.it\/wp-content\/uploads\/2026\/08\/iNS-iTA-CULT-07-768x431.jpg 768w\" sizes=\"auto, (max-width: 1920px) 100vw, 1920px\"  title=\"iNS iTA CULT-07\" alt=\"\" class=\"img-fluid\">\n                                                                                    <\/a>\n                                    <\/figure>\n                                <\/div>\n                            <\/div>\n                            <div class=\"col-sm-9\">\n                                                            <div class=\"category-top\">\n                                    <span class=\"fw-bold text-danger\">Concluso<\/span>                                                                        <span class=\"data\">\n                                        <svg class=\"icon icon-secondary\">\n                                            <use xlink:href=\"https:\/\/iicsanpaolo.esteri.it\/wp-content\/themes\/sedi-tema\/assets\/svg\/sprites.svg#it-calendar\"><\/use>\n                                        <\/svg> Sab 15 Ago 2026<svg class=\"icon icon-xs icon-secondary me-1 ms-1\"><use href=\"https:\/\/iicsanpaolo.esteri.it\/wp-content\/themes\/sedi-tema\/assets\/svg\/sprites.svg#it-arrow-right\"><\/use><\/svg>Sab 15 Ago 2026                                    <\/span>\n                                                                    <\/div>\n                            <h5 class=\"card-title big-heading text-uppercase\"><a class=\"text-body text-decoration-none\" href=\"https:\/\/iicsanpaolo.esteri.it\/it\/gli_eventi\/calendario\/lingua-italiana-sabato-culturale\/\" title=\"Lingua italiana | Sabato Culturale\">Lingua italiana | Sabato Culturale<\/a><\/h5>\n                            <p class=\"card-text\">Sabato 15 di agosto, le studentesse e gli studenti del corso di Lettere \u2013 Italiano dell\u2019USP hanno partecipato a una visita all\u2019Istituto Italiano di Cultura di San Paolo (IICSP), accompagnati dal direttore dell\u2019Istituto, Lillo Teodoro Guarneri. Durante la visita, gli studenti hanno avuto l\u2019opportunit\u00e0 di conoscere la sede dell\u2019Istituto, la sua biblioteca e i diversi [&hellip;]<\/p>\n                                <a title=\"Lingua italiana | Sabato Culturale\" class=\"read-more\" href=\"https:\/\/iicsanpaolo.esteri.it\/it\/gli_eventi\/calendario\/lingua-italiana-sabato-culturale\/\">\n                                    <span class=\"text\">Leggi di pi\u00f9<\/span>\n                                    <svg class=\"icon\">\n                                    <use xlink:href=\"https:\/\/iicsanpaolo.esteri.it\/wp-content\/themes\/sedi-tema\/assets\/svg\/sprites.svg#it-arrow-right\"><\/use>\n                                    <\/svg>\n                                <\/a>\n                                                        <\/div>\n                                                    <\/div>\n                    <\/div>\n                <\/div>\n                <!--end card-->\n                <\/div><!-- col-12 .mt-3-->\n                            <div class=\"col-12 mt-3\">\n                <!--start card-->\n                <div class=\"card-wrapper card-space\">\n                    <div class=\"card card-bg card-big border-bottom-card\">\n                        <div class=\"card-body row\">\n                                                    <div class=\"col-sm-3\">\n                                <div class=\"img-responsive\">\n                                    <figure class=\"img-wrapper\">\n                                        <a href=\"https:\/\/iicsanpaolo.esteri.it\/it\/gli_eventi\/calendario\/musica-incontro-il-mistico-pop-della-musica-italiana-invito-al-viaggio-nelluniverso-di-franco-battiato\/\" title=\"Leggi l'articolo: Musica | Incontro: \u201cIl mistico-pop della musica italiana. Invito al viaggio nell\u2019universo di Franco Battiato\u201d\">\n                                                                                            <img loading=\"lazy\" decoding=\"async\" width=\"300\" height=\"176\" src=\"https:\/\/iicsanpaolo.esteri.it\/wp-content\/uploads\/2026\/07\/IIC_BATTIATO_CAPAS-FOCUS-300x176.jpg\" srcset=\"https:\/\/iicsanpaolo.esteri.it\/wp-content\/uploads\/2026\/07\/IIC_BATTIATO_CAPAS-FOCUS.jpg 1000w, https:\/\/iicsanpaolo.esteri.it\/wp-content\/uploads\/2026\/07\/IIC_BATTIATO_CAPAS-FOCUS-300x176.jpg 300w, https:\/\/iicsanpaolo.esteri.it\/wp-content\/uploads\/2026\/07\/IIC_BATTIATO_CAPAS-FOCUS-768x449.jpg 768w\" sizes=\"auto, (max-width: 1000px) 100vw, 1000px\"  title=\"IIC_BATTIATO_CAPAS-FOCUS\" alt=\"\" class=\"img-fluid\">\n                                                                                    <\/a>\n                                    <\/figure>\n                                <\/div>\n                            <\/div>\n                            <div class=\"col-sm-9\">\n                                                            <div class=\"category-top\">\n                                    <span class=\"fw-bold text-danger\">Concluso<\/span>                                                                        <span class=\"data\">\n                                        <svg class=\"icon icon-secondary\">\n                                            <use xlink:href=\"https:\/\/iicsanpaolo.esteri.it\/wp-content\/themes\/sedi-tema\/assets\/svg\/sprites.svg#it-calendar\"><\/use>\n                                        <\/svg> Mar 11 Ago 2026                                    <\/span>\n                                                                    <\/div>\n                            <h5 class=\"card-title big-heading text-uppercase\"><a class=\"text-body text-decoration-none\" href=\"https:\/\/iicsanpaolo.esteri.it\/it\/gli_eventi\/calendario\/musica-incontro-il-mistico-pop-della-musica-italiana-invito-al-viaggio-nelluniverso-di-franco-battiato\/\" title=\"Musica | Incontro: \u201cIl mistico-pop della musica italiana. Invito al viaggio nell\u2019universo di Franco Battiato\u201d\">Musica | Incontro: \u201cIl mistico-pop della musica italiana. Invito al viaggio nell\u2019universo di Franco Battiato\u201d<\/a><\/h5>\n                            <p class=\"card-text\">con Flavio Vasta L&#8217;Istituto Italiano di Cultura di San Paolo \u00e8 lieto di presentare \u201cIl mistico-pop della musica italiana. Invito al viaggio nell\u2019universo di Franco Battiato\u201d, una conferenza dedicata a uno degli artisti pi\u00f9 originali e influenti della cultura italiana contemporanea. Una vita e una carriera multiforme, quella del cantautore siciliano, che lungo le sue [&hellip;]<\/p>\n                                <a title=\"Musica | Incontro: \u201cIl mistico-pop della musica italiana. Invito al viaggio nell\u2019universo di Franco Battiato\u201d\" class=\"read-more\" href=\"https:\/\/iicsanpaolo.esteri.it\/it\/gli_eventi\/calendario\/musica-incontro-il-mistico-pop-della-musica-italiana-invito-al-viaggio-nelluniverso-di-franco-battiato\/\">\n                                    <span class=\"text\">Leggi di pi\u00f9<\/span>\n                                    <svg class=\"icon\">\n                                    <use xlink:href=\"https:\/\/iicsanpaolo.esteri.it\/wp-content\/themes\/sedi-tema\/assets\/svg\/sprites.svg#it-arrow-right\"><\/use>\n                                    <\/svg>\n                                <\/a>\n                                                        <\/div>\n                                                    <\/div>\n                    <\/div>\n                <\/div>\n                <!--end card-->\n                <\/div><!-- col-12 .mt-3-->\n                            <div class=\"col-12 mt-3\">\n                <!--start card-->\n                <div class=\"card-wrapper card-space\">\n                    <div class=\"card card-bg card-big border-bottom-card\">\n                        <div class=\"card-body row\">\n                                                    <div class=\"col-sm-3\">\n                                <div class=\"img-responsive\">\n                                    <figure class=\"img-wrapper\">\n                                        <a href=\"https:\/\/iicsanpaolo.esteri.it\/it\/gli_eventi\/calendario\/musica-il-pomo-doro-e-jakub-jozef-orlinski\/\" title=\"Leggi l'articolo: Musica | Il Pomo D\u2019Oro e Jakub J\u00f3zef Orli\u0144ski\">\n                                                                                            <img loading=\"lazy\" decoding=\"async\" width=\"300\" height=\"200\" src=\"https:\/\/iicsanpaolo.esteri.it\/wp-content\/uploads\/2026\/07\/PDO_Press_3-300x200.jpeg\" srcset=\"https:\/\/iicsanpaolo.esteri.it\/wp-content\/uploads\/2026\/07\/PDO_Press_3.jpeg 1280w, https:\/\/iicsanpaolo.esteri.it\/wp-content\/uploads\/2026\/07\/PDO_Press_3-300x200.jpeg 300w, https:\/\/iicsanpaolo.esteri.it\/wp-content\/uploads\/2026\/07\/PDO_Press_3-1024x682.jpeg 1024w, https:\/\/iicsanpaolo.esteri.it\/wp-content\/uploads\/2026\/07\/PDO_Press_3-768x512.jpeg 768w\" sizes=\"auto, (max-width: 1280px) 100vw, 1280px\"  title=\"PDO_Press_3\" alt=\"\" class=\"img-fluid\">\n                                                                                    <\/a>\n                                    <\/figure>\n                                <\/div>\n                            <\/div>\n                            <div class=\"col-sm-9\">\n                                                            <div class=\"category-top\">\n                                    <span class=\"fw-bold text-danger\">Concluso<\/span>                                                                        <span class=\"data\">\n                                        <svg class=\"icon icon-secondary\">\n                                            <use xlink:href=\"https:\/\/iicsanpaolo.esteri.it\/wp-content\/themes\/sedi-tema\/assets\/svg\/sprites.svg#it-calendar\"><\/use>\n                                        <\/svg> Lun 10 Ago 2026<svg class=\"icon icon-xs icon-secondary me-1 ms-1\"><use href=\"https:\/\/iicsanpaolo.esteri.it\/wp-content\/themes\/sedi-tema\/assets\/svg\/sprites.svg#it-arrow-right\"><\/use><\/svg>Mer 12 Ago 2026                                    <\/span>\n                                                                    <\/div>\n                            <h5 class=\"card-title big-heading text-uppercase\"><a class=\"text-body text-decoration-none\" href=\"https:\/\/iicsanpaolo.esteri.it\/it\/gli_eventi\/calendario\/musica-il-pomo-doro-e-jakub-jozef-orlinski\/\" title=\"Musica | Il Pomo D\u2019Oro e Jakub J\u00f3zef Orli\u0144ski\">Musica | Il Pomo D\u2019Oro e Jakub J\u00f3zef Orli\u0144ski<\/a><\/h5>\n                            <p class=\"card-text\">L\u2019Istituto Italiano di Cultura di San Paolo \u00e8 lieto di segnalare due prestigiosi concerti che si svolgeranno presso il Teatro Cultura Art\u00edstica, con protagonisti l\u2019ensemble barocco Il Pomo D\u2019Oro e il celebre controtenore polacco Jakub J\u00f3zef Orli\u0144ski, tra le voci pi\u00f9 acclamate della scena lirica internazionale. 10 agosto 2026, ore 20:00 (qui per i biglietti) [&hellip;]<\/p>\n                                <a title=\"Musica | Il Pomo D\u2019Oro e Jakub J\u00f3zef Orli\u0144ski\" class=\"read-more\" href=\"https:\/\/iicsanpaolo.esteri.it\/it\/gli_eventi\/calendario\/musica-il-pomo-doro-e-jakub-jozef-orlinski\/\">\n                                    <span class=\"text\">Leggi di pi\u00f9<\/span>\n                                    <svg class=\"icon\">\n                                    <use xlink:href=\"https:\/\/iicsanpaolo.esteri.it\/wp-content\/themes\/sedi-tema\/assets\/svg\/sprites.svg#it-arrow-right\"><\/use>\n                                    <\/svg>\n                                <\/a>\n                                                        <\/div>\n                                                    <\/div>\n                    <\/div>\n                <\/div>\n                <!--end card-->\n                <\/div><!-- col-12 .mt-3-->\n                            <div class=\"col-12 mt-3\">\n                <!--start card-->\n                <div class=\"card-wrapper card-space\">\n                    <div class=\"card card-bg card-big border-bottom-card\">\n                        <div class=\"card-body row\">\n                                                    <div class=\"col-sm-3\">\n                                <div class=\"img-responsive\">\n                                    <figure class=\"img-wrapper\">\n                                        <a href=\"https:\/\/iicsanpaolo.esteri.it\/it\/gli_eventi\/calendario\/musica-settimana-della-voce-bh-sp\/\" title=\"Leggi l'articolo: Musica | Settimana della Voce BH + SP\">\n                                                                                            <img loading=\"lazy\" decoding=\"async\" width=\"300\" height=\"200\" src=\"https:\/\/iicsanpaolo.esteri.it\/wp-content\/uploads\/2026\/07\/credits-Flavio-Souza-Cruz-300x200.jpg\" srcset=\"https:\/\/iicsanpaolo.esteri.it\/wp-content\/uploads\/2026\/07\/credits-Flavio-Souza-Cruz.jpg 1920w, https:\/\/iicsanpaolo.esteri.it\/wp-content\/uploads\/2026\/07\/credits-Flavio-Souza-Cruz-300x200.jpg 300w, https:\/\/iicsanpaolo.esteri.it\/wp-content\/uploads\/2026\/07\/credits-Flavio-Souza-Cruz-1024x682.jpg 1024w, https:\/\/iicsanpaolo.esteri.it\/wp-content\/uploads\/2026\/07\/credits-Flavio-Souza-Cruz-768x512.jpg 768w\" sizes=\"auto, (max-width: 1920px) 100vw, 1920px\"  title=\"credits Fl\u00e1vio Souza Cruz\" alt=\"Foto de Fl\u00e1vio Souza Cruz\" class=\"img-fluid\">\n                                                                                    <\/a>\n                                    <\/figure>\n                                <\/div>\n                            <\/div>\n                            <div class=\"col-sm-9\">\n                                                            <div class=\"category-top\">\n                                    <span class=\"fw-bold text-danger\">Concluso<\/span>                                                                        <span class=\"data\">\n                                        <svg class=\"icon icon-secondary\">\n                                            <use xlink:href=\"https:\/\/iicsanpaolo.esteri.it\/wp-content\/themes\/sedi-tema\/assets\/svg\/sprites.svg#it-calendar\"><\/use>\n                                        <\/svg> Lun 10 Ago 2026<svg class=\"icon icon-xs icon-secondary me-1 ms-1\"><use href=\"https:\/\/iicsanpaolo.esteri.it\/wp-content\/themes\/sedi-tema\/assets\/svg\/sprites.svg#it-arrow-right\"><\/use><\/svg>Dom 23 Ago 2026                                    <\/span>\n                                                                    <\/div>\n                            <h5 class=\"card-title big-heading text-uppercase\"><a class=\"text-body text-decoration-none\" href=\"https:\/\/iicsanpaolo.esteri.it\/it\/gli_eventi\/calendario\/musica-settimana-della-voce-bh-sp\/\" title=\"Musica | Settimana della Voce BH + SP\">Musica | Settimana della Voce BH + SP<\/a><\/h5>\n                            <p class=\"card-text\">Francesca Della Monica, una delle massime esperte di espressione vocale in Europa, terr\u00e0 la Semana da Voz BH + SP a Belo Horizonte e San Paolo. Le attivit\u00e0 si svolgeranno dal 10 al 23 agosto 2026 e rappresentano un&#8217;opportunit\u00e0 unica per artisti, studenti d&#8217;arte, ricercatori della voce e altri interessati di approfondire i propri studi [&hellip;]<\/p>\n                                <a title=\"Musica | Settimana della Voce BH + SP\" class=\"read-more\" href=\"https:\/\/iicsanpaolo.esteri.it\/it\/gli_eventi\/calendario\/musica-settimana-della-voce-bh-sp\/\">\n                                    <span class=\"text\">Leggi di pi\u00f9<\/span>\n                                    <svg class=\"icon\">\n                                    <use xlink:href=\"https:\/\/iicsanpaolo.esteri.it\/wp-content\/themes\/sedi-tema\/assets\/svg\/sprites.svg#it-arrow-right\"><\/use>\n                                    <\/svg>\n                                <\/a>\n                                                        <\/div>\n                                                    <\/div>\n                    <\/div>\n                <\/div>\n                <!--end card-->\n                <\/div><!-- col-12 .mt-3-->\n                            <div class=\"col-12 mt-3\">\n                <!--start card-->\n                <div class=\"card-wrapper card-space\">\n                    <div class=\"card card-bg card-big border-bottom-card\">\n                        <div class=\"card-body row\">\n                                                    <div class=\"col-sm-3\">\n                                <div class=\"img-responsive\">\n                                    <figure class=\"img-wrapper\">\n                                        <a href=\"https:\/\/iicsanpaolo.esteri.it\/it\/gli_eventi\/calendario\/teatro-scena-settimana-della-scena-italiana-contemporanea-2026\/\" title=\"Leggi l'articolo: Teatro | SCENA \u2013 Settimana della Scena Italiana Contemporanea (2026)\">\n                                                                                            <img loading=\"lazy\" decoding=\"async\" width=\"300\" height=\"176\" src=\"https:\/\/iicsanpaolo.esteri.it\/wp-content\/uploads\/2026\/07\/focus-dettagliato-300x176.jpg\" srcset=\"https:\/\/iicsanpaolo.esteri.it\/wp-content\/uploads\/2026\/07\/focus-dettagliato.jpg 1600w, https:\/\/iicsanpaolo.esteri.it\/wp-content\/uploads\/2026\/07\/focus-dettagliato-300x176.jpg 300w, https:\/\/iicsanpaolo.esteri.it\/wp-content\/uploads\/2026\/07\/focus-dettagliato-1024x600.jpg 1024w, https:\/\/iicsanpaolo.esteri.it\/wp-content\/uploads\/2026\/07\/focus-dettagliato-768x450.jpg 768w\" sizes=\"auto, (max-width: 1600px) 100vw, 1600px\"  title=\"focus dettagliato\" alt=\"\" class=\"img-fluid\">\n                                                                                    <\/a>\n                                    <\/figure>\n                                <\/div>\n                            <\/div>\n                            <div class=\"col-sm-9\">\n                                                            <div class=\"category-top\">\n                                    <span class=\"fw-bold text-danger\">Concluso<\/span>                                                                        <span class=\"data\">\n                                        <svg class=\"icon icon-secondary\">\n                                            <use xlink:href=\"https:\/\/iicsanpaolo.esteri.it\/wp-content\/themes\/sedi-tema\/assets\/svg\/sprites.svg#it-calendar\"><\/use>\n                                        <\/svg> Sab 08 Ago 2026<svg class=\"icon icon-xs icon-secondary me-1 ms-1\"><use href=\"https:\/\/iicsanpaolo.esteri.it\/wp-content\/themes\/sedi-tema\/assets\/svg\/sprites.svg#it-arrow-right\"><\/use><\/svg>Dom 16 Ago 2026                                    <\/span>\n                                                                    <\/div>\n                            <h5 class=\"card-title big-heading text-uppercase\"><a class=\"text-body text-decoration-none\" href=\"https:\/\/iicsanpaolo.esteri.it\/it\/gli_eventi\/calendario\/teatro-scena-settimana-della-scena-italiana-contemporanea-2026\/\" title=\"Teatro | SCENA \u2013 Settimana della Scena Italiana Contemporanea (2026)\">Teatro | SCENA \u2013 Settimana della Scena Italiana Contemporanea (2026)<\/a><\/h5>\n                            <p class=\"card-text\">SCENA \u2013 Settimana della Scena Italiana Contemporanea presenta la sua quinta edizione a San Paolo, presso il Sesc Belenzinho, dall&#8217;8 al 16 agosto 2026, riunendo tre spettacoli inediti in America Latina che spaziano tra teatro, musica e danza. Realizzata dall&#8217;Istituto Italiano di Cultura di San Paolo e dal Sesc S\u00e3o Paulo, con la cura di [&hellip;]<\/p>\n                                <a title=\"Teatro | SCENA \u2013 Settimana della Scena Italiana Contemporanea (2026)\" class=\"read-more\" href=\"https:\/\/iicsanpaolo.esteri.it\/it\/gli_eventi\/calendario\/teatro-scena-settimana-della-scena-italiana-contemporanea-2026\/\">\n                                    <span class=\"text\">Leggi di pi\u00f9<\/span>\n                                    <svg class=\"icon\">\n                                    <use xlink:href=\"https:\/\/iicsanpaolo.esteri.it\/wp-content\/themes\/sedi-tema\/assets\/svg\/sprites.svg#it-arrow-right\"><\/use>\n                                    <\/svg>\n                                <\/a>\n                                                        <\/div>\n                                                    <\/div>\n                    <\/div>\n                <\/div>\n                <!--end card-->\n                <\/div><!-- col-12 .mt-3-->\n            \n            <div class=\"col-md-12 mt-4 pb-4\">\n                <nav class=\"navigation col-md-12\" aria-label=\"Navigation\">\n                    <h2 class=\"screen-reader-text visually-hidden\">Paginazione<\/h2>\n                    <div class=\"nav-links\">\n                    <span aria-current=\"page\" class=\"page-numbers current\">1<\/span>\n<a class=\"page-numbers\" href=\"https:\/\/iicsanpaolo.esteri.it\/it\/wp-json\/wp\/v2\/pages\/4370\/?pag=2\">2<\/a>\n<a class=\"page-numbers\" href=\"https:\/\/iicsanpaolo.esteri.it\/it\/wp-json\/wp\/v2\/pages\/4370\/?pag=3\">3<\/a>\n<span class=\"page-numbers dots\">&hellip;<\/span>\n<a class=\"page-numbers\" href=\"https:\/\/iicsanpaolo.esteri.it\/it\/wp-json\/wp\/v2\/pages\/4370\/?pag=73\">73<\/a>\n<a class=\"next page-numbers\" href=\"https:\/\/iicsanpaolo.esteri.it\/it\/wp-json\/wp\/v2\/pages\/4370\/?pag=2\"><svg class=\"icon icon-primary\"><use xlink:href=\"https:\/\/iicsanpaolo.esteri.it\/wp-content\/themes\/sedi-tema\/assets\/svg\/sprites.svg#it-chevron-right\"><\/use><\/svg>\n                                    <span class=\"visually-hidden\">Pagina successiva<\/span><\/a>                    <\/div>\n                <\/nav>\n            <\/div>   <!--.col-md-12 -->\n              <\/div><!--.row -->\n              \n<p>&nbsp;<\/p>\n","protected":false},"excerpt":{"rendered":"&nbsp;","protected":false},"author":1,"featured_media":0,"parent":12,"menu_order":0,"comment_status":"closed","ping_status":"closed","template":"","meta":{"footnotes":""},"class_list":["post-4370","page","type-page","status-publish","hentry"],"_links":{"self":[{"href":"https:\/\/iicsanpaolo.esteri.it\/it\/wp-json\/wp\/v2\/pages\/4370","targetHints":{"allow":["GET"]}}],"collection":[{"href":"https:\/\/iicsanpaolo.esteri.it\/it\/wp-json\/wp\/v2\/pages"}],"about":[{"href":"https:\/\/iicsanpaolo.esteri.it\/it\/wp-json\/wp\/v2\/types\/page"}],"author":[{"embeddable":true,"href":"https:\/\/iicsanpaolo.esteri.it\/it\/wp-json\/wp\/v2\/users\/1"}],"replies":[{"embeddable":true,"href":"https:\/\/iicsanpaolo.esteri.it\/it\/wp-json\/wp\/v2\/comments?post=4370"}],"version-history":[{"count":1,"href":"https:\/\/iicsanpaolo.esteri.it\/it\/wp-json\/wp\/v2\/pages\/4370\/revisions"}],"predecessor-version":[{"id":4374,"href":"https:\/\/iicsanpaolo.esteri.it\/it\/wp-json\/wp\/v2\/pages\/4370\/revisions\/4374"}],"up":[{"embeddable":true,"href":"https:\/\/iicsanpaolo.esteri.it\/it\/wp-json\/wp\/v2\/pages\/12"}],"wp:attachment":[{"href":"https:\/\/iicsanpaolo.esteri.it\/it\/wp-json\/wp\/v2\/media?parent=4370"}],"curies":[{"name":"wp","href":"https:\/\/api.w.org\/{rel}","templated":true}]}}