{"id":30,"date":"2022-12-06T16:07:08","date_gmt":"2022-12-06T15:07:08","guid":{"rendered":"https:\/\/iicsanpaolo.esteri.it\/news\/"},"modified":"2022-12-14T20:27:33","modified_gmt":"2022-12-14T19:27:33","slug":"news","status":"publish","type":"page","link":"https:\/\/iicsanpaolo.esteri.it\/pt\/news\/","title":{"rendered":"Not\u00edcias"},"content":{"rendered":"        <div class=\"row\">\n\t\t\t<!-- Ricerca sedi post -->\n\t\t\t<div class=\"col-12 mt-4\">\n\t\t\t  <div class=\"callout callout-highlight note ricerca-esteri p-4\">\n                    <div class=\"callout-title\">\n                        <svg class=\"icon\">\n                            <use xlink:href=\"https:\/\/iicsanpaolo.esteri.it\/wp-content\/themes\/sedi-tema\/assets\/svg\/sprites.svg#it-search\"><\/use>\n                        <\/svg>Insira seus par\u00e2metros de pesquisa                    <\/div>\n                    <form id=\"searchFormPost\" name=\"form-search-post\" class=\"form-row align-items-center\" action=\"https:\/\/iicsanpaolo.esteri.it\/pt\/wp-json\/wp\/v2\/pages\/30\/\" method=\"GET\"> \n                        <!-- <div class=\"form-group pt-5\"> -->\n                            <!-- <input type=\"hidden\" id=\"lang\" name=\"lang\" value=\"\"> --> <!-- <\/div> -->\n\n                        <div class=\"it-datepicker-wrapper\">\n                            <div class=\"row\">\n                                <div class=\"form-group col-md-6\">\n                                    <label class=\"active\" for=\"date-init\">De<\/label>\n                                    <input class=\"form-control\" name=\"date-init\" id=\"date-init\" type=\"date\" placeholder=\"gg\/mm\/aaaa\" value=\"\"lang=\"en-EN\">  \n                                <\/div>\n                                <div class=\"form-group col-md-6\">\n                                    <label class=\"active\" for=\"date-end\">Para o<\/label>\n                                    <input class=\"form-control\" name=\"date-end\" id=\"date-end\" type=\"date\" placeholder=\"gg\/mm\/aaaa\" value=\"\">\n                                <\/div>\n                            <\/div>\n                        <\/div>\n                        <div class=\"form-group col-md-12 mt-3\">\n                            <label for=\"searchText\">Campo de pesquisa gratuito<\/label>\n                            <input type=\"text\" name=\"searchText\" class=\"form-control\" id=\"searchText\" value=\"\">\n                        <\/div>\n                        <div class=\"form-group col-md-4 offset-md-8 text-end\">\n                            <a href=\"https:\/\/iicsanpaolo.esteri.it\/pt\/news\/\" title=\"Form reset\" id=\"resetImput\" class=\"btn btn-outline-primary btn-xs\">Reset<\/a>\n                            <button type=\"submit\" class=\"btn btn-primary btn-xs\">Mostrar resultados<\/button>\n                        <\/div>\n                    <\/form>\n\t\t\t\t<\/div>\n\t\t\t<\/div>\n\t\t<\/div>\n                    \n            <div class=\"row\">\n                            <div class=\"col-12 mt-3\">\n                <!--start card-->\n                <div class=\"card-wrapper card-space\">\n                    <div class=\"card card-bg card-big border-bottom-card\">\n                        <div class=\"card-body \">\n                                                        <div class=\"category-top\">\n                                                                                                            <span class=\"\">\n                                        <svg class=\"icon icon-secondary\">\n                                            <use xlink:href=\"https:\/\/iicsanpaolo.esteri.it\/wp-content\/themes\/sedi-tema\/assets\/svg\/sprites.svg#it-calendar\"><\/use>\n                                        <\/svg> 18 Agosto 2026                                    <\/span>\n                                                                    <\/div>\n                            <h5 class=\"card-title big-heading text-uppercase\"><a class=\"text-body text-decoration-none\" href=\"https:\/\/iicsanpaolo.esteri.it\/pt\/news\/dall_istituto\/2026\/08\/canale-whatsapp-delliicsp\/\" title=\"Canal WhatsApp do IICSP\">Canal WhatsApp do IICSP<\/a><\/h5>\n                            <p class=\"card-text\">O Instituto Italiano de Cultura de S\u00e3o Paulo, Setor Cultural do Consulado Geral da It\u00e1lia em S\u00e3o Paulo, acaba de lan\u00e7ar seu canal oficial no WhatsApp. Por l\u00e1, voc\u00ea receber\u00e1 em primeira m\u00e3o nossa programa\u00e7\u00e3o cultural, avisos sobre abertura de inscri\u00e7\u00f5es, exposi\u00e7\u00f5es, concertos, mostras de cinema, palestras, cursos e outras novidades. \u00c9 uma forma simples [&hellip;]<\/p>\n                                <a title=\"Canal WhatsApp do IICSP\" class=\"read-more\" href=\"https:\/\/iicsanpaolo.esteri.it\/pt\/news\/dall_istituto\/2026\/08\/canale-whatsapp-delliicsp\/\">\n                                    <span class=\"text\">Leia mais<\/span>\n                                    <svg class=\"icon\">\n                                    <use xlink:href=\"https:\/\/iicsanpaolo.esteri.it\/wp-content\/themes\/sedi-tema\/assets\/svg\/sprites.svg#it-arrow-right\"><\/use>\n                                    <\/svg>\n                                <\/a>\n                                                    <\/div>\n                    <\/div>\n                <\/div>\n                <!--end card-->\n                <\/div><!-- col-12 .mt-3-->\n                            <div class=\"col-12 mt-3\">\n                <!--start card-->\n                <div class=\"card-wrapper card-space\">\n                    <div class=\"card card-bg card-big border-bottom-card\">\n                        <div class=\"card-body \">\n                                                        <div class=\"category-top\">\n                                                                                                            <span class=\"\">\n                                        <svg class=\"icon icon-secondary\">\n                                            <use xlink:href=\"https:\/\/iicsanpaolo.esteri.it\/wp-content\/themes\/sedi-tema\/assets\/svg\/sprites.svg#it-calendar\"><\/use>\n                                        <\/svg> 24 Julho 2026                                    <\/span>\n                                                                    <\/div>\n                            <h5 class=\"card-title big-heading text-uppercase\"><a class=\"text-body text-decoration-none\" href=\"https:\/\/iicsanpaolo.esteri.it\/pt\/news\/dall_istituto\/2026\/07\/nicolo-lanfranchi-participa-do-projeto-birds-eye-view-disinformation-and-biospheres-com-uma-residencia-artistica\/\" title=\"Nicol\u00f2 Lanfranchi participa do projeto Bird\u2019s Eye View \u2013 Disinformation and Biospheres com uma resid\u00eancia art\u00edstica\">Nicol\u00f2 Lanfranchi participa do projeto Bird\u2019s Eye View \u2013 Disinformation and Biospheres com uma resid\u00eancia art\u00edstica<\/a><\/h5>\n                            <p class=\"card-text\">O Instituto Italiano de Cultura de S\u00e3o Paulo anuncia a participa\u00e7\u00e3o do fot\u00f3grafo e visual storyteller Nicol\u00f2 Lanfranchi no projeto \u201cBird\u2019s Eye View \u2013 Disinformation and Biospheres\u201d (Perspectiva dos P\u00e1ssaros), que acontecer\u00e1 em Manaus de 10 a 19 de agosto de 2026. Perspectiva dos P\u00e1ssaros \u00e9 um projeto internacional que busca enfrentar os impactos da [&hellip;]<\/p>\n                                <a title=\"Nicol\u00f2 Lanfranchi participa do projeto Bird\u2019s Eye View \u2013 Disinformation and Biospheres com uma resid\u00eancia art\u00edstica\" class=\"read-more\" href=\"https:\/\/iicsanpaolo.esteri.it\/pt\/news\/dall_istituto\/2026\/07\/nicolo-lanfranchi-participa-do-projeto-birds-eye-view-disinformation-and-biospheres-com-uma-residencia-artistica\/\">\n                                    <span class=\"text\">Leia mais<\/span>\n                                    <svg class=\"icon\">\n                                    <use xlink:href=\"https:\/\/iicsanpaolo.esteri.it\/wp-content\/themes\/sedi-tema\/assets\/svg\/sprites.svg#it-arrow-right\"><\/use>\n                                    <\/svg>\n                                <\/a>\n                                                    <\/div>\n                    <\/div>\n                <\/div>\n                <!--end card-->\n                <\/div><!-- col-12 .mt-3-->\n                            <div class=\"col-12 mt-3\">\n                <!--start card-->\n                <div class=\"card-wrapper card-space\">\n                    <div class=\"card card-bg card-big border-bottom-card\">\n                        <div class=\"card-body \">\n                                                        <div class=\"category-top\">\n                                                                                                            <span class=\"\">\n                                        <svg class=\"icon icon-secondary\">\n                                            <use xlink:href=\"https:\/\/iicsanpaolo.esteri.it\/wp-content\/themes\/sedi-tema\/assets\/svg\/sprites.svg#it-calendar\"><\/use>\n                                        <\/svg> 20 Julho 2026                                    <\/span>\n                                                                    <\/div>\n                            <h5 class=\"card-title big-heading text-uppercase\"><a class=\"text-body text-decoration-none\" href=\"https:\/\/iicsanpaolo.esteri.it\/pt\/news\/dall_istituto\/2026\/07\/propostas-de-eventos\/\" title=\"Propostas de eventos\">Propostas de eventos<\/a><\/h5>\n                            <p class=\"card-text\">O Istituto Italiano di Cultura de S\u00e3o Paulo elabora a sua programa\u00e7\u00e3o cultural com pelo menos um ano de anteced\u00eancia, at\u00e9 o m\u00eas de outubro. Contudo, dentro dos limites da dota\u00e7\u00e3o dispon\u00edvel, \u00e9 poss\u00edvel avaliar a inclus\u00e3o de novos eventos ao longo do ano. Para que o retorno seja r\u00e1pido, sugerimos que a proposta contenha [&hellip;]<\/p>\n                                <a title=\"Propostas de eventos\" class=\"read-more\" href=\"https:\/\/iicsanpaolo.esteri.it\/pt\/news\/dall_istituto\/2026\/07\/propostas-de-eventos\/\">\n                                    <span class=\"text\">Leia mais<\/span>\n                                    <svg class=\"icon\">\n                                    <use xlink:href=\"https:\/\/iicsanpaolo.esteri.it\/wp-content\/themes\/sedi-tema\/assets\/svg\/sprites.svg#it-arrow-right\"><\/use>\n                                    <\/svg>\n                                <\/a>\n                                                    <\/div>\n                    <\/div>\n                <\/div>\n                <!--end card-->\n                <\/div><!-- col-12 .mt-3-->\n                            <div class=\"col-12 mt-3\">\n                <!--start card-->\n                <div class=\"card-wrapper card-space\">\n                    <div class=\"card card-bg card-big border-bottom-card\">\n                        <div class=\"card-body \">\n                                                        <div class=\"category-top\">\n                                                                                                            <span class=\"\">\n                                        <svg class=\"icon icon-secondary\">\n                                            <use xlink:href=\"https:\/\/iicsanpaolo.esteri.it\/wp-content\/themes\/sedi-tema\/assets\/svg\/sprites.svg#it-calendar\"><\/use>\n                                        <\/svg> 1 Junho 2026                                    <\/span>\n                                                                    <\/div>\n                            <h5 class=\"card-title big-heading text-uppercase\"><a class=\"text-body text-decoration-none\" href=\"https:\/\/iicsanpaolo.esteri.it\/pt\/news\/dall_istituto\/2026\/06\/stefano-mancuso-in-brasile\/\" title=\"Stefano Mancuso no Brasil\">Stefano Mancuso no Brasil<\/a><\/h5>\n                            <p class=\"card-text\">Pela primeira vez, o neurobiologista vegetal Stefano Mancuso estar\u00e1 no Brasil, a convite do Instituto Italiano de Cultura de S\u00e3o Paulo e de diversas institui\u00e7\u00f5es culturais e acad\u00eamicas. Autor de refer\u00eancia internacional no campo da neurobiologia vegetal, Mancuso \u00e9 publicado no Brasil pela Ubu Editora, que tem em seu cat\u00e1logo cinco de seus t\u00edtulos: A [&hellip;]<\/p>\n                                <a title=\"Stefano Mancuso no Brasil\" class=\"read-more\" href=\"https:\/\/iicsanpaolo.esteri.it\/pt\/news\/dall_istituto\/2026\/06\/stefano-mancuso-in-brasile\/\">\n                                    <span class=\"text\">Leia mais<\/span>\n                                    <svg class=\"icon\">\n                                    <use xlink:href=\"https:\/\/iicsanpaolo.esteri.it\/wp-content\/themes\/sedi-tema\/assets\/svg\/sprites.svg#it-arrow-right\"><\/use>\n                                    <\/svg>\n                                <\/a>\n                                                    <\/div>\n                    <\/div>\n                <\/div>\n                <!--end card-->\n                <\/div><!-- col-12 .mt-3-->\n                            <div class=\"col-12 mt-3\">\n                <!--start card-->\n                <div class=\"card-wrapper card-space\">\n                    <div class=\"card card-bg card-big border-bottom-card\">\n                        <div class=\"card-body \">\n                                                        <div class=\"category-top\">\n                                                                                                            <span class=\"\">\n                                        <svg class=\"icon icon-secondary\">\n                                            <use xlink:href=\"https:\/\/iicsanpaolo.esteri.it\/wp-content\/themes\/sedi-tema\/assets\/svg\/sprites.svg#it-calendar\"><\/use>\n                                        <\/svg> 27 Maio 2026                                    <\/span>\n                                                                    <\/div>\n                            <h5 class=\"card-title big-heading text-uppercase\"><a class=\"text-body text-decoration-none\" href=\"https:\/\/iicsanpaolo.esteri.it\/pt\/news\/dall_istituto\/2026\/05\/encontros-com-sandro-veronesi\/\" title=\"Encontros com Sandro Veronesi\">Encontros com Sandro Veronesi<\/a><\/h5>\n                            <p class=\"card-text\">Sandro Veronesi\u00a0est\u00e1 prestes a retornar ao Brasil, desta vez para o lan\u00e7amento de\u00a0Caos calmo, um de seus romances mais emblem\u00e1ticos. Autor de\u00a0O colibri\u00a0e de\u00a0Setembro negro\u00a0e vencedor de duas edi\u00e7\u00f5es do Pr\u00eamio Strega, o escritor italiano chega ao pa\u00eds para uma agenda de encontros e sess\u00f5es de aut\u00f3grafos em\u00a0Bras\u00edlia e S\u00e3o Paulo, marcando a publica\u00e7\u00e3o brasileira [&hellip;]<\/p>\n                                <a title=\"Encontros com Sandro Veronesi\" class=\"read-more\" href=\"https:\/\/iicsanpaolo.esteri.it\/pt\/news\/dall_istituto\/2026\/05\/encontros-com-sandro-veronesi\/\">\n                                    <span class=\"text\">Leia mais<\/span>\n                                    <svg class=\"icon\">\n                                    <use xlink:href=\"https:\/\/iicsanpaolo.esteri.it\/wp-content\/themes\/sedi-tema\/assets\/svg\/sprites.svg#it-arrow-right\"><\/use>\n                                    <\/svg>\n                                <\/a>\n                                                    <\/div>\n                    <\/div>\n                <\/div>\n                <!--end card-->\n                <\/div><!-- col-12 .mt-3-->\n                            <div class=\"col-12 mt-3\">\n                <!--start card-->\n                <div class=\"card-wrapper card-space\">\n                    <div class=\"card card-bg card-big border-bottom-card\">\n                        <div class=\"card-body \">\n                                                        <div class=\"category-top\">\n                                                                                                            <span class=\"\">\n                                        <svg class=\"icon icon-secondary\">\n                                            <use xlink:href=\"https:\/\/iicsanpaolo.esteri.it\/wp-content\/themes\/sedi-tema\/assets\/svg\/sprites.svg#it-calendar\"><\/use>\n                                        <\/svg> 27 Maio 2026                                    <\/span>\n                                                                    <\/div>\n                            <h5 class=\"card-title big-heading text-uppercase\"><a class=\"text-body text-decoration-none\" href=\"https:\/\/iicsanpaolo.esteri.it\/pt\/news\/dall_istituto\/2026\/05\/exposicao-fotografica-territorios-do-sonhar-de-elena-givone\/\" title=\"Exposi\u00e7\u00e3o fotogr\u00e1fica \u201cTerrit\u00f3rios do Sonhar\u201d, de Elena Givone\">Exposi\u00e7\u00e3o fotogr\u00e1fica \u201cTerrit\u00f3rios do Sonhar\u201d, de Elena Givone<\/a><\/h5>\n                            <p class=\"card-text\">A programa\u00e7\u00e3o do Festival de Fotografia de S\u00e3o Paulo se expande com a\u00a0exposi\u00e7\u00e3o \u201cTerrit\u00f3rios do Sonhar\u201d, de Elena Givone, com curadoria de Jo\u00e3o Kulcs\u00e1r, a ser inaugurada no Instituto Italiano de Cultura de S\u00e3o Paulo, no dia 26 de maio \u00e0s 19:00. A mostra apresenta uma retrospectiva de projetos realizados em diferentes partes do mundo, [&hellip;]<\/p>\n                                <a title=\"Exposi\u00e7\u00e3o fotogr\u00e1fica \u201cTerrit\u00f3rios do Sonhar\u201d, de Elena Givone\" class=\"read-more\" href=\"https:\/\/iicsanpaolo.esteri.it\/pt\/news\/dall_istituto\/2026\/05\/exposicao-fotografica-territorios-do-sonhar-de-elena-givone\/\">\n                                    <span class=\"text\">Leia mais<\/span>\n                                    <svg class=\"icon\">\n                                    <use xlink:href=\"https:\/\/iicsanpaolo.esteri.it\/wp-content\/themes\/sedi-tema\/assets\/svg\/sprites.svg#it-arrow-right\"><\/use>\n                                    <\/svg>\n                                <\/a>\n                                                    <\/div>\n                    <\/div>\n                <\/div>\n                <!--end card-->\n                <\/div><!-- col-12 .mt-3-->\n                            <div class=\"col-12 mt-3\">\n                <!--start card-->\n                <div class=\"card-wrapper card-space\">\n                    <div class=\"card card-bg card-big border-bottom-card\">\n                        <div class=\"card-body \">\n                                                        <div class=\"category-top\">\n                                                                                                            <span class=\"\">\n                                        <svg class=\"icon icon-secondary\">\n                                            <use xlink:href=\"https:\/\/iicsanpaolo.esteri.it\/wp-content\/themes\/sedi-tema\/assets\/svg\/sprites.svg#it-calendar\"><\/use>\n                                        <\/svg> 22 Abril 2026                                    <\/span>\n                                                                    <\/div>\n                            <h5 class=\"card-title big-heading text-uppercase\"><a class=\"text-body text-decoration-none\" href=\"https:\/\/iicsanpaolo.esteri.it\/pt\/news\/dall_istituto\/2026\/04\/auxilios-para-visitas-de-pesquisadores-professores-especialistas-personalidades-da-cultura-e-operadores-culturais-3\/\" title=\"Aux\u00edlios para visitas de pesquisadores, professores, especialistas, personalidades da cultura e operadores culturais\">Aux\u00edlios para visitas de pesquisadores, professores, especialistas, personalidades da cultura e operadores culturais<\/a><\/h5>\n                            <p class=\"card-text\">A DGCE \u2013 VI concede aux\u00edlios, mediante pedido, para: financiamento de despesas de viagem e alojamento para pesquisadores, professores, especialistas, figuras culturais e agentes culturais italianos ou estrangeiros residentes na It\u00e1lia h\u00e1 pelo menos dois anos, convidados a ir para o exterior por universidades ou institui\u00e7\u00f5es culturais estrangeiras; contribui\u00e7\u00f5es para as despesas de viagem e [&hellip;]<\/p>\n                                <a title=\"Aux\u00edlios para visitas de pesquisadores, professores, especialistas, personalidades da cultura e operadores culturais\" class=\"read-more\" href=\"https:\/\/iicsanpaolo.esteri.it\/pt\/news\/dall_istituto\/2026\/04\/auxilios-para-visitas-de-pesquisadores-professores-especialistas-personalidades-da-cultura-e-operadores-culturais-3\/\">\n                                    <span class=\"text\">Leia mais<\/span>\n                                    <svg class=\"icon\">\n                                    <use xlink:href=\"https:\/\/iicsanpaolo.esteri.it\/wp-content\/themes\/sedi-tema\/assets\/svg\/sprites.svg#it-arrow-right\"><\/use>\n                                    <\/svg>\n                                <\/a>\n                                                    <\/div>\n                    <\/div>\n                <\/div>\n                <!--end card-->\n                <\/div><!-- col-12 .mt-3-->\n                            <div class=\"col-12 mt-3\">\n                <!--start card-->\n                <div class=\"card-wrapper card-space\">\n                    <div class=\"card card-bg card-big border-bottom-card\">\n                        <div class=\"card-body \">\n                                                        <div class=\"category-top\">\n                                                                                                            <span class=\"\">\n                                        <svg class=\"icon icon-secondary\">\n                                            <use xlink:href=\"https:\/\/iicsanpaolo.esteri.it\/wp-content\/themes\/sedi-tema\/assets\/svg\/sprites.svg#it-calendar\"><\/use>\n                                        <\/svg> 9 Mar\u00e7o 2026                                    <\/span>\n                                                                    <\/div>\n                            <h5 class=\"card-title big-heading text-uppercase\"><a class=\"text-body text-decoration-none\" href=\"https:\/\/iicsanpaolo.esteri.it\/pt\/news\/dall_istituto\/2026\/03\/convocatoria-exposicao-de-fotografia\/\" title=\"Convocat\u00f3ria Exposi\u00e7\u00e3o de Fotografia\">Convocat\u00f3ria Exposi\u00e7\u00e3o de Fotografia<\/a><\/h5>\n                            <p class=\"card-text\">Aten\u00e7\u00e3o, fot\u00f3grafas e fot\u00f3grafos italianos: convocat\u00f3ria aberta para o Festival de Fotografia de S\u00e3o Paulo. Com o objetivo de proporcionar visibilidade e oportunidades no campo da fotografia contempor\u00e2nea, o Festival de Fotografia de S\u00e3o Paulo \u2013 Edi\u00e7\u00e3o 2026 (FFSP 2026), em parceria com o Instituto Italiano de Cultura de S\u00e3o Paulo, convida pessoas italianas residentes [&hellip;]<\/p>\n                                <a title=\"Convocat\u00f3ria Exposi\u00e7\u00e3o de Fotografia\" class=\"read-more\" href=\"https:\/\/iicsanpaolo.esteri.it\/pt\/news\/dall_istituto\/2026\/03\/convocatoria-exposicao-de-fotografia\/\">\n                                    <span class=\"text\">Leia mais<\/span>\n                                    <svg class=\"icon\">\n                                    <use xlink:href=\"https:\/\/iicsanpaolo.esteri.it\/wp-content\/themes\/sedi-tema\/assets\/svg\/sprites.svg#it-arrow-right\"><\/use>\n                                    <\/svg>\n                                <\/a>\n                                                    <\/div>\n                    <\/div>\n                <\/div>\n                <!--end card-->\n                <\/div><!-- col-12 .mt-3-->\n                            <div class=\"col-12 mt-3\">\n                <!--start card-->\n                <div class=\"card-wrapper card-space\">\n                    <div class=\"card card-bg card-big border-bottom-card\">\n                        <div class=\"card-body \">\n                                                        <div class=\"category-top\">\n                                                                                                            <span class=\"\">\n                                        <svg class=\"icon icon-secondary\">\n                                            <use xlink:href=\"https:\/\/iicsanpaolo.esteri.it\/wp-content\/themes\/sedi-tema\/assets\/svg\/sprites.svg#it-calendar\"><\/use>\n                                        <\/svg> 18 Dezembro 2025                                    <\/span>\n                                                                    <\/div>\n                            <h5 class=\"card-title big-heading text-uppercase\"><a class=\"text-body text-decoration-none\" href=\"https:\/\/iicsanpaolo.esteri.it\/pt\/news\/dall_istituto\/2025\/12\/31a-edicao-do-premio-campiello-giovani\/\" title=\"31\u00aa Edi\u00e7\u00e3o do Pr\u00eamio Campiello Giovani\">31\u00aa Edi\u00e7\u00e3o do Pr\u00eamio Campiello Giovani<\/a><\/h5>\n                            <p class=\"card-text\">Est\u00e3o abertas at\u00e9 15 de janeiro de 2026, \u00e0s 18h (hor\u00e1rio italiano) as inscri\u00e7\u00f5es para participar da 31\u00aa Edi\u00e7\u00e3o do Pr\u00eamio Campiello Giovani, um concurso reservado a jovens de 15 a 21 anos, residentes na It\u00e1lia e no exterior, e que tem como objeto um conto sobre qualquer tema, em italiano, com no m\u00ednimo 10 [&hellip;]<\/p>\n                                <a title=\"31\u00aa Edi\u00e7\u00e3o do Pr\u00eamio Campiello Giovani\" class=\"read-more\" href=\"https:\/\/iicsanpaolo.esteri.it\/pt\/news\/dall_istituto\/2025\/12\/31a-edicao-do-premio-campiello-giovani\/\">\n                                    <span class=\"text\">Leia mais<\/span>\n                                    <svg class=\"icon\">\n                                    <use xlink:href=\"https:\/\/iicsanpaolo.esteri.it\/wp-content\/themes\/sedi-tema\/assets\/svg\/sprites.svg#it-arrow-right\"><\/use>\n                                    <\/svg>\n                                <\/a>\n                                                    <\/div>\n                    <\/div>\n                <\/div>\n                <!--end card-->\n                <\/div><!-- col-12 .mt-3-->\n                            <div class=\"col-12 mt-3\">\n                <!--start card-->\n                <div class=\"card-wrapper card-space\">\n                    <div class=\"card card-bg card-big border-bottom-card\">\n                        <div class=\"card-body \">\n                                                        <div class=\"category-top\">\n                                                                                                            <span class=\"\">\n                                        <svg class=\"icon icon-secondary\">\n                                            <use xlink:href=\"https:\/\/iicsanpaolo.esteri.it\/wp-content\/themes\/sedi-tema\/assets\/svg\/sprites.svg#it-calendar\"><\/use>\n                                        <\/svg> 18 Dezembro 2025                                    <\/span>\n                                                                    <\/div>\n                            <h5 class=\"card-title big-heading text-uppercase\"><a class=\"text-body text-decoration-none\" href=\"https:\/\/iicsanpaolo.esteri.it\/pt\/news\/dall_istituto\/2025\/12\/17o-premio-internacional-de-roteiro-mattador-dedicado-a-matteo-caenazzo\/\" title=\"17\u00ba Pr\u00eamio Internacional de Roteiro MATTADOR dedicado a Matteo Caenazzo\">17\u00ba Pr\u00eamio Internacional de Roteiro MATTADOR dedicado a Matteo Caenazzo<\/a><\/h5>\n                            <p class=\"card-text\">Est\u00e1 online\u00a0at\u00e9 15 de abril de 2026\u00a0a convocat\u00f3ria para participar no\u00a017\u00ba Pr\u00eamio Internacional de Roteiro MATTADOR dedicado a Matteo Caenazzo \u2013 jovem talento italiano falecido prematuramente em 28 de junho de 2009 enquanto estudava e trabalhava com o objetivo de ser um dia um roteirista profissional. O Pr\u00eamio conta com o patroc\u00ednio do Minist\u00e9rio Italiano [&hellip;]<\/p>\n                                <a title=\"17\u00ba Pr\u00eamio Internacional de Roteiro MATTADOR dedicado a Matteo Caenazzo\" class=\"read-more\" href=\"https:\/\/iicsanpaolo.esteri.it\/pt\/news\/dall_istituto\/2025\/12\/17o-premio-internacional-de-roteiro-mattador-dedicado-a-matteo-caenazzo\/\">\n                                    <span class=\"text\">Leia mais<\/span>\n                                    <svg class=\"icon\">\n                                    <use xlink:href=\"https:\/\/iicsanpaolo.esteri.it\/wp-content\/themes\/sedi-tema\/assets\/svg\/sprites.svg#it-arrow-right\"><\/use>\n                                    <\/svg>\n                                <\/a>\n                                                    <\/div>\n                    <\/div>\n                <\/div>\n                <!--end card-->\n                <\/div><!-- col-12 .mt-3-->\n            \n            <div class=\"col-md-12 mt-4 pb-4\">\n                <nav class=\"navigation col-md-12\" aria-label=\"Navigation\">\n                    <h2 class=\"screen-reader-text visually-hidden\">Pagina\u00e7\u00e3o<\/h2>\n                    <div class=\"nav-links\">\n                    <span aria-current=\"page\" class=\"page-numbers current\">1<\/span>\n<a class=\"page-numbers\" href=\"https:\/\/iicsanpaolo.esteri.it\/pt\/wp-json\/wp\/v2\/pages\/30\/?pag=2\">2<\/a>\n<a class=\"page-numbers\" href=\"https:\/\/iicsanpaolo.esteri.it\/pt\/wp-json\/wp\/v2\/pages\/30\/?pag=3\">3<\/a>\n<span class=\"page-numbers dots\">&hellip;<\/span>\n<a class=\"page-numbers\" href=\"https:\/\/iicsanpaolo.esteri.it\/pt\/wp-json\/wp\/v2\/pages\/30\/?pag=6\">6<\/a>\n<a class=\"next page-numbers\" href=\"https:\/\/iicsanpaolo.esteri.it\/pt\/wp-json\/wp\/v2\/pages\/30\/?pag=2\"><svg class=\"icon icon-primary\"><use xlink:href=\"https:\/\/iicsanpaolo.esteri.it\/wp-content\/themes\/sedi-tema\/assets\/svg\/sprites.svg#it-chevron-right\"><\/use><\/svg>\n                                    <span class=\"visually-hidden\">Pr\u00f3xima p\u00e1gina<\/span><\/a>                    <\/div>\n                <\/nav>\n            <\/div>   <!--.col-md-12 -->\n              <\/div><!--.row -->\n              \n","protected":false},"excerpt":{"rendered":"","protected":false},"author":2,"featured_media":0,"parent":0,"menu_order":6,"comment_status":"closed","ping_status":"closed","template":"","meta":{"footnotes":""},"class_list":["post-30","page","type-page","status-publish","hentry"],"_links":{"self":[{"href":"https:\/\/iicsanpaolo.esteri.it\/pt\/wp-json\/wp\/v2\/pages\/30","targetHints":{"allow":["GET"]}}],"collection":[{"href":"https:\/\/iicsanpaolo.esteri.it\/pt\/wp-json\/wp\/v2\/pages"}],"about":[{"href":"https:\/\/iicsanpaolo.esteri.it\/pt\/wp-json\/wp\/v2\/types\/page"}],"author":[{"embeddable":true,"href":"https:\/\/iicsanpaolo.esteri.it\/pt\/wp-json\/wp\/v2\/users\/2"}],"replies":[{"embeddable":true,"href":"https:\/\/iicsanpaolo.esteri.it\/pt\/wp-json\/wp\/v2\/comments?post=30"}],"version-history":[{"count":0,"href":"https:\/\/iicsanpaolo.esteri.it\/pt\/wp-json\/wp\/v2\/pages\/30\/revisions"}],"wp:attachment":[{"href":"https:\/\/iicsanpaolo.esteri.it\/pt\/wp-json\/wp\/v2\/media?parent=30"}],"curies":[{"name":"wp","href":"https:\/\/api.w.org\/{rel}","templated":true}]}}