{"id":3627,"date":"2024-04-30T10:01:48","date_gmt":"2024-04-30T13:01:48","guid":{"rendered":"https:\/\/iicsanpaolo.esteri.it\/amministrazione-trasparente\/diventare-sponsor\/"},"modified":"2024-04-30T10:23:05","modified_gmt":"2024-04-30T13:23:05","slug":"diventare-sponsor","status":"publish","type":"page","link":"https:\/\/iicsanpaolo.esteri.it\/pt\/amministrazione-trasparente\/diventare-sponsor\/","title":{"rendered":"Seja patrocinador"},"content":{"rendered":"<p><strong>Convite para manifesta\u00e7\u00e3o de interesse sobre colabora\u00e7\u00f5es em eventos do IIC <\/strong><\/p>\n<p>Como parte das atividades de promo\u00e7\u00e3o externa, o Instituto Italiano de Cultura de S\u00e3o Paulo organiza eventos art\u00edsticos-culturais, promocionais e informativos de alto perfil institucional. A este respeito, o IIC San Paolo pode contar com a colabora\u00e7\u00e3o e ou patroc\u00ednio de entidades p\u00fablicas ou privadas interessadas que, mediante contrapartida pecuni\u00e1ria e\/ou colabora\u00e7\u00e3o profissional, pretendam promover a sua imagem atrav\u00e9s da publica\u00e7\u00e3o do seu logotipo em convites ou outro material publicit\u00e1rio dos eventos (cartazes, cat\u00e1logos, newsletters). Os interessados \u200b\u200bem ser contatados para colaborar com este Instituto s\u00e3o convidados a enviar a sua manifesta\u00e7\u00e3o de interesse para o seguinte endere\u00e7o de correio eletr\u00f4nico: <a href=\"mailto:iicsanpaolo@esteri.it\">iicsanpaolo@esteri.it<\/a>.<\/p>\n<p>A manifesta\u00e7\u00e3o de interesse deve incluir todos os elementos \u00fateis \u00e0 identifica\u00e7\u00e3o do indiv\u00edduo, com indica\u00e7\u00e3o espec\u00edfica do setor de atividade relevante. Esta comunica\u00e7\u00e3o n\u00e3o vincula de forma alguma o Instituto, que se reserva o direito de contatar os interessados \u200b\u200bno planeamento de eventos caso por caso. Na eventualidade de uma manifesta\u00e7\u00e3o de interesse considerada merecedora de aprofundamento, os sujeitos ser\u00e3o contatados com comunica\u00e7\u00e3o espec\u00edfica. Por fim, especifica-se que, em cumprimento ao C\u00f3digo de Conduta do Minist\u00e9rio das Rela\u00e7\u00f5es Exteriores e Coopera\u00e7\u00e3o Internacional italiano, o Instituto n\u00e3o poder\u00e1 convidar sujeitos cujas atividades possam constituir fonte de conflitos de interesses, preconceitos ou danos \u00e0 imagem &#8211; mesmo potenciais &#8211; \u00e0s atividades institucionais ou que possam revelar-se contr\u00e1rias aos princ\u00edpios gerais do ordenamento jur\u00eddico.<\/p>\n","protected":false},"excerpt":{"rendered":"Convite para manifesta\u00e7\u00e3o de interesse sobre colabora\u00e7\u00f5es em eventos do IIC Como parte das atividades de promo\u00e7\u00e3o externa, o Instituto Italiano de Cultura de S\u00e3o Paulo organiza eventos art\u00edsticos-culturais, promocionais e informativos de alto perfil institucional. A este respeito, o IIC San Paolo pode contar com a colabora\u00e7\u00e3o e ou patroc\u00ednio de entidades p\u00fablicas ou [&hellip;]","protected":false},"author":1,"featured_media":0,"parent":496,"menu_order":0,"comment_status":"closed","ping_status":"closed","template":"","meta":{"footnotes":""},"class_list":["post-3627","page","type-page","status-publish","hentry"],"_links":{"self":[{"href":"https:\/\/iicsanpaolo.esteri.it\/pt\/wp-json\/wp\/v2\/pages\/3627","targetHints":{"allow":["GET"]}}],"collection":[{"href":"https:\/\/iicsanpaolo.esteri.it\/pt\/wp-json\/wp\/v2\/pages"}],"about":[{"href":"https:\/\/iicsanpaolo.esteri.it\/pt\/wp-json\/wp\/v2\/types\/page"}],"author":[{"embeddable":true,"href":"https:\/\/iicsanpaolo.esteri.it\/pt\/wp-json\/wp\/v2\/users\/1"}],"replies":[{"embeddable":true,"href":"https:\/\/iicsanpaolo.esteri.it\/pt\/wp-json\/wp\/v2\/comments?post=3627"}],"version-history":[{"count":2,"href":"https:\/\/iicsanpaolo.esteri.it\/pt\/wp-json\/wp\/v2\/pages\/3627\/revisions"}],"predecessor-version":[{"id":3631,"href":"https:\/\/iicsanpaolo.esteri.it\/pt\/wp-json\/wp\/v2\/pages\/3627\/revisions\/3631"}],"up":[{"embeddable":true,"href":"https:\/\/iicsanpaolo.esteri.it\/pt\/wp-json\/wp\/v2\/pages\/496"}],"wp:attachment":[{"href":"https:\/\/iicsanpaolo.esteri.it\/pt\/wp-json\/wp\/v2\/media?parent=3627"}],"curies":[{"name":"wp","href":"https:\/\/api.w.org\/{rel}","templated":true}]}}