{"id":4376,"date":"2024-07-19T06:31:35","date_gmt":"2024-07-19T09:31:35","guid":{"rendered":"https:\/\/iicsanpaolo.esteri.it\/gli_eventi\/archivio-eventi\/"},"modified":"2024-11-08T14:35:58","modified_gmt":"2024-11-08T17:35:58","slug":"archivio-eventi","status":"publish","type":"page","link":"https:\/\/iicsanpaolo.esteri.it\/pt\/gli_eventi\/archivio-eventi\/","title":{"rendered":"Eventos realizados"},"content":{"rendered":"        <div class=\"row\">\n\t\t\t<!-- Ricerca sedi post -->\n\t\t\t<div class=\"col-12 mt-4\">\n\t\t\t  <div class=\"callout callout-highlight note ricerca-esteri p-4\">\n                    <div class=\"callout-title\">\n                        <svg class=\"icon\">\n                            <use xlink:href=\"https:\/\/iicsanpaolo.esteri.it\/wp-content\/themes\/sedi-tema\/assets\/svg\/sprites.svg#it-search\"><\/use>\n                        <\/svg>Insira seus par\u00e2metros de pesquisa                    <\/div>\n                    <form id=\"searchFormPost\" name=\"form-search-post\" class=\"form-row align-items-center\" action=\"https:\/\/iicsanpaolo.esteri.it\/pt\/wp-json\/wp\/v2\/pages\/4376\/\" method=\"GET\"> \n                        <!-- <div class=\"form-group pt-5\"> -->\n                            <!-- <input type=\"hidden\" id=\"lang\" name=\"lang\" value=\"\"> --> <!-- <\/div> -->\n\n                        <div class=\"it-datepicker-wrapper\">\n                            <div class=\"row\">\n                                <div class=\"form-group col-md-6\">\n                                    <label class=\"active\" for=\"date-init\">De<\/label>\n                                    <input class=\"form-control\" name=\"date-init\" id=\"date-init\" type=\"date\" placeholder=\"gg\/mm\/aaaa\" value=\"\"lang=\"en-EN\">  \n                                <\/div>\n                                <div class=\"form-group col-md-6\">\n                                    <label class=\"active\" for=\"date-end\">Para o<\/label>\n                                    <input class=\"form-control\" name=\"date-end\" id=\"date-end\" type=\"date\" placeholder=\"gg\/mm\/aaaa\" value=\"\">\n                                <\/div>\n                            <\/div>\n                        <\/div>\n                        <div class=\"form-group col-md-12 mt-3\">\n                            <label for=\"searchText\">Campo de pesquisa gratuito<\/label>\n                            <input type=\"text\" name=\"searchText\" class=\"form-control\" id=\"searchText\" value=\"\">\n                        <\/div>\n                        <div class=\"form-group col-md-4 offset-md-8 text-end\">\n                            <a href=\"https:\/\/iicsanpaolo.esteri.it\/pt\/gli_eventi\/archivio-eventi\/\" title=\"Form reset\" id=\"resetImput\" class=\"btn btn-outline-primary btn-xs\">Reset<\/a>\n                            <button type=\"submit\" class=\"btn btn-primary btn-xs\">Mostrar resultados<\/button>\n                        <\/div>\n                    <\/form>\n\t\t\t\t<\/div>\n\t\t\t<\/div>\n\t\t<\/div>\n                    \n            <div class=\"row\">\n                            <div class=\"col-12 mt-3\">\n                <!--start card-->\n                <div class=\"card-wrapper card-space\">\n                    <div class=\"card card-bg card-big border-bottom-card\">\n                        <div class=\"card-body row\">\n                                                    <div class=\"col-sm-3\">\n                                <div class=\"img-responsive\">\n                                    <figure class=\"img-wrapper\">\n                                        <a href=\"https:\/\/iicsanpaolo.esteri.it\/pt\/gli_eventi\/calendario\/arte-presentazione-del-catalogo-a-arte-deve-viver-ao-sol-gastone-novelli-no-brasil\/\" title=\"Leia o artigo: Arte | Apresent\u00e7\u00e3o do cat\u00e1logo &#8220;A ARTE DEVE VIVER AO SOL \u2013 GASTONE NOVELLI NO BRASIL&#8221;\">\n                                                                                            <img loading=\"lazy\" decoding=\"async\" width=\"300\" height=\"176\" src=\"https:\/\/iicsanpaolo.esteri.it\/wp-content\/uploads\/2026\/08\/Arte-Lancamento-Gastone-Novelli-Horizontal-300x176.jpg\" srcset=\"https:\/\/iicsanpaolo.esteri.it\/wp-content\/uploads\/2026\/08\/Arte-Lancamento-Gastone-Novelli-Horizontal.jpg 1920w, https:\/\/iicsanpaolo.esteri.it\/wp-content\/uploads\/2026\/08\/Arte-Lancamento-Gastone-Novelli-Horizontal-300x176.jpg 300w, https:\/\/iicsanpaolo.esteri.it\/wp-content\/uploads\/2026\/08\/Arte-Lancamento-Gastone-Novelli-Horizontal-1024x600.jpg 1024w, https:\/\/iicsanpaolo.esteri.it\/wp-content\/uploads\/2026\/08\/Arte-Lancamento-Gastone-Novelli-Horizontal-768x450.jpg 768w\" sizes=\"auto, (max-width: 1920px) 100vw, 1920px\"  title=\"Arte Lan\u00e7amento Gastone Novelli Horizontal\" alt=\"\" class=\"img-fluid\">\n                                                                                    <\/a>\n                                    <\/figure>\n                                <\/div>\n                            <\/div>\n                            <div class=\"col-sm-9\">\n                                                            <div class=\"category-top\">\n                                    <span class=\"fw-bold text-danger\">Encerrado<\/span>                                                                        <span class=\"data\">\n                                        <svg class=\"icon icon-secondary\">\n                                            <use xlink:href=\"https:\/\/iicsanpaolo.esteri.it\/wp-content\/themes\/sedi-tema\/assets\/svg\/sprites.svg#it-calendar\"><\/use>\n                                        <\/svg> Qui Ago 27 2026<svg class=\"icon icon-xs icon-secondary me-1 ms-1\"><use href=\"https:\/\/iicsanpaolo.esteri.it\/wp-content\/themes\/sedi-tema\/assets\/svg\/sprites.svg#it-arrow-right\"><\/use><\/svg>Qui Ago 27 2026                                    <\/span>\n                                                                    <\/div>\n                            <h5 class=\"card-title big-heading text-uppercase\"><a class=\"text-body text-decoration-none\" href=\"https:\/\/iicsanpaolo.esteri.it\/pt\/gli_eventi\/calendario\/arte-presentazione-del-catalogo-a-arte-deve-viver-ao-sol-gastone-novelli-no-brasil\/\" title=\"Arte | Apresent\u00e7\u00e3o do cat\u00e1logo &#8220;A ARTE DEVE VIVER AO SOL \u2013 GASTONE NOVELLI NO BRASIL&#8221;\">Arte | Apresent\u00e7\u00e3o do cat\u00e1logo &#8220;A ARTE DEVE VIVER AO SOL \u2013 GASTONE NOVELLI NO BRASIL&#8221;<\/a><\/h5>\n                            <p class=\"card-text\">O Instituto Italiano de Cultura de S\u00e3o Paulo (IICSP) e Museu de Arte Contempor\u00e2nea da Universidade de S\u00e3o Paulo (MAC USP) promovem, no dia 27 de agosto de 2026, \u00e0s 19h, o lan\u00e7amento do cat\u00e1logo referente \u00e0 exposi\u00e7\u00e3o &#8220;A arte deve viver ao sol. Gastone Novelli no Brasil&#8221;, dedicada ao artista italiano Gastone Novelli e [&hellip;]<\/p>\n                                <a title=\"Arte | Apresent\u00e7\u00e3o do cat\u00e1logo &#8220;A ARTE DEVE VIVER AO SOL \u2013 GASTONE NOVELLI NO BRASIL&#8221;\" class=\"read-more\" href=\"https:\/\/iicsanpaolo.esteri.it\/pt\/gli_eventi\/calendario\/arte-presentazione-del-catalogo-a-arte-deve-viver-ao-sol-gastone-novelli-no-brasil\/\">\n                                    <span class=\"text\">Leia mais<\/span>\n                                    <svg class=\"icon\">\n                                    <use xlink:href=\"https:\/\/iicsanpaolo.esteri.it\/wp-content\/themes\/sedi-tema\/assets\/svg\/sprites.svg#it-arrow-right\"><\/use>\n                                    <\/svg>\n                                <\/a>\n                                                        <\/div>\n                                                    <\/div>\n                    <\/div>\n                <\/div>\n                <!--end card-->\n                <\/div><!-- col-12 .mt-3-->\n                            <div class=\"col-12 mt-3\">\n                <!--start card-->\n                <div class=\"card-wrapper card-space\">\n                    <div class=\"card card-bg card-big border-bottom-card\">\n                        <div class=\"card-body row\">\n                                                    <div class=\"col-sm-3\">\n                                <div class=\"img-responsive\">\n                                    <figure class=\"img-wrapper\">\n                                        <a href=\"https:\/\/iicsanpaolo.esteri.it\/pt\/gli_eventi\/calendario\/teatro-conferenza-la-parola-nelle-mani-o-fantoche-como-linguagem-pedagogica-uma-reflexao-sobre-o-teatro-de-animacao-entre-narrativa-educacao-e-relacoes\/\" title=\"Leia o artigo: Teatro | Palestra \u201cLa parola nelle mani &#8211; O Fantoche como Linguagem Pedag\u00f3gica: uma reflex\u00e3o sobre o Teatro de Anima\u00e7\u00e3o entre narrativa, educa\u00e7\u00e3o e rela\u00e7\u00f5es\u201d\">\n                                                                                            <img loading=\"lazy\" decoding=\"async\" width=\"300\" height=\"176\" src=\"https:\/\/iicsanpaolo.esteri.it\/wp-content\/uploads\/2026\/08\/IIC_BURATTINI_CAPA_PALESTRA-FOCUS-Copia-300x176.jpg\" srcset=\"https:\/\/iicsanpaolo.esteri.it\/wp-content\/uploads\/2026\/08\/IIC_BURATTINI_CAPA_PALESTRA-FOCUS-Copia.jpg 1920w, https:\/\/iicsanpaolo.esteri.it\/wp-content\/uploads\/2026\/08\/IIC_BURATTINI_CAPA_PALESTRA-FOCUS-Copia-300x176.jpg 300w, https:\/\/iicsanpaolo.esteri.it\/wp-content\/uploads\/2026\/08\/IIC_BURATTINI_CAPA_PALESTRA-FOCUS-Copia-1024x600.jpg 1024w, https:\/\/iicsanpaolo.esteri.it\/wp-content\/uploads\/2026\/08\/IIC_BURATTINI_CAPA_PALESTRA-FOCUS-Copia-768x450.jpg 768w\" sizes=\"auto, (max-width: 1920px) 100vw, 1920px\"  title=\"IIC_BURATTINI_CAPA_PALESTRA-FOCUS &#8211; Copia\" alt=\"\" class=\"img-fluid\">\n                                                                                    <\/a>\n                                    <\/figure>\n                                <\/div>\n                            <\/div>\n                            <div class=\"col-sm-9\">\n                                                            <div class=\"category-top\">\n                                    <span class=\"fw-bold text-danger\">Encerrado<\/span>                                                                        <span class=\"data\">\n                                        <svg class=\"icon icon-secondary\">\n                                            <use xlink:href=\"https:\/\/iicsanpaolo.esteri.it\/wp-content\/themes\/sedi-tema\/assets\/svg\/sprites.svg#it-calendar\"><\/use>\n                                        <\/svg> Ter Ago 25 2026<svg class=\"icon icon-xs icon-secondary me-1 ms-1\"><use href=\"https:\/\/iicsanpaolo.esteri.it\/wp-content\/themes\/sedi-tema\/assets\/svg\/sprites.svg#it-arrow-right\"><\/use><\/svg>Ter Ago 25 2026                                    <\/span>\n                                                                    <\/div>\n                            <h5 class=\"card-title big-heading text-uppercase\"><a class=\"text-body text-decoration-none\" href=\"https:\/\/iicsanpaolo.esteri.it\/pt\/gli_eventi\/calendario\/teatro-conferenza-la-parola-nelle-mani-o-fantoche-como-linguagem-pedagogica-uma-reflexao-sobre-o-teatro-de-animacao-entre-narrativa-educacao-e-relacoes\/\" title=\"Teatro | Palestra \u201cLa parola nelle mani &#8211; O Fantoche como Linguagem Pedag\u00f3gica: uma reflex\u00e3o sobre o Teatro de Anima\u00e7\u00e3o entre narrativa, educa\u00e7\u00e3o e rela\u00e7\u00f5es\u201d\">Teatro | Palestra \u201cLa parola nelle mani &#8211; O Fantoche como Linguagem Pedag\u00f3gica: uma reflex\u00e3o sobre o Teatro de Anima\u00e7\u00e3o entre narrativa, educa\u00e7\u00e3o e rela\u00e7\u00f5es\u201d<\/a><\/h5>\n                            <p class=\"card-text\">Entre os dias 22 e 27 de agosto, o Instituto Italiano de Cultura de S\u00e3o Paulo promove uma programa\u00e7\u00e3o dedicada ao teatro de bonecos da tradi\u00e7\u00e3o italiana, reunindo espet\u00e1culo, confer\u00eancia, oficinas e atividades formativas conduzidas pelo bonequeiro e pesquisador italiano Moreno Pigoni, fundador do grupo Burattini della Commedia. Voltadas a diferentes p\u00fablicos, as atividades exploram [&hellip;]<\/p>\n                                <a title=\"Teatro | Palestra \u201cLa parola nelle mani &#8211; O Fantoche como Linguagem Pedag\u00f3gica: uma reflex\u00e3o sobre o Teatro de Anima\u00e7\u00e3o entre narrativa, educa\u00e7\u00e3o e rela\u00e7\u00f5es\u201d\" class=\"read-more\" href=\"https:\/\/iicsanpaolo.esteri.it\/pt\/gli_eventi\/calendario\/teatro-conferenza-la-parola-nelle-mani-o-fantoche-como-linguagem-pedagogica-uma-reflexao-sobre-o-teatro-de-animacao-entre-narrativa-educacao-e-relacoes\/\">\n                                    <span class=\"text\">Leia mais<\/span>\n                                    <svg class=\"icon\">\n                                    <use xlink:href=\"https:\/\/iicsanpaolo.esteri.it\/wp-content\/themes\/sedi-tema\/assets\/svg\/sprites.svg#it-arrow-right\"><\/use>\n                                    <\/svg>\n                                <\/a>\n                                                        <\/div>\n                                                    <\/div>\n                    <\/div>\n                <\/div>\n                <!--end card-->\n                <\/div><!-- col-12 .mt-3-->\n                            <div class=\"col-12 mt-3\">\n                <!--start card-->\n                <div class=\"card-wrapper card-space\">\n                    <div class=\"card card-bg card-big border-bottom-card\">\n                        <div class=\"card-body row\">\n                                                    <div class=\"col-sm-3\">\n                                <div class=\"img-responsive\">\n                                    <figure class=\"img-wrapper\">\n                                        <a href=\"https:\/\/iicsanpaolo.esteri.it\/pt\/gli_eventi\/calendario\/teatro-i-burattini-della-commedia-formazione-incontri-e-laboratori-alla-scuola-italiana-eugenio-montale\/\" title=\"Leia o artigo: Teatro | I Burattini della Commedia \u2013 Forma\u00e7\u00e3o, encontros e oficinas na Escola Italiana Eugenio Montale\">\n                                                                                            <img loading=\"lazy\" decoding=\"async\" width=\"180\" height=\"180\" src=\"https:\/\/iicsanpaolo.esteri.it\/wp-content\/uploads\/2026\/08\/lab-1.jpg\" srcset=\"https:\/\/iicsanpaolo.esteri.it\/wp-content\/uploads\/2026\/08\/lab-1.jpg 180w, https:\/\/iicsanpaolo.esteri.it\/wp-content\/uploads\/2026\/08\/lab-1-150x150.jpg 150w\" sizes=\"auto, (max-width: 180px) 100vw, 180px\"  title=\"lab\" alt=\"\" class=\"img-fluid\">\n                                                                                    <\/a>\n                                    <\/figure>\n                                <\/div>\n                            <\/div>\n                            <div class=\"col-sm-9\">\n                                                            <div class=\"category-top\">\n                                    <span class=\"fw-bold text-danger\">Encerrado<\/span>                                                                        <span class=\"data\">\n                                        <svg class=\"icon icon-secondary\">\n                                            <use xlink:href=\"https:\/\/iicsanpaolo.esteri.it\/wp-content\/themes\/sedi-tema\/assets\/svg\/sprites.svg#it-calendar\"><\/use>\n                                        <\/svg> Seg Ago 24 2026<svg class=\"icon icon-xs icon-secondary me-1 ms-1\"><use href=\"https:\/\/iicsanpaolo.esteri.it\/wp-content\/themes\/sedi-tema\/assets\/svg\/sprites.svg#it-arrow-right\"><\/use><\/svg>Sex Ago 28 2026                                    <\/span>\n                                                                    <\/div>\n                            <h5 class=\"card-title big-heading text-uppercase\"><a class=\"text-body text-decoration-none\" href=\"https:\/\/iicsanpaolo.esteri.it\/pt\/gli_eventi\/calendario\/teatro-i-burattini-della-commedia-formazione-incontri-e-laboratori-alla-scuola-italiana-eugenio-montale\/\" title=\"Teatro | I Burattini della Commedia \u2013 Forma\u00e7\u00e3o, encontros e oficinas na Escola Italiana Eugenio Montale\">Teatro | I Burattini della Commedia \u2013 Forma\u00e7\u00e3o, encontros e oficinas na Escola Italiana Eugenio Montale<\/a><\/h5>\n                            <p class=\"card-text\">Quatro dias dedicados ao teatro de bonecos, \u00e0 criatividade e \u00e0 descoberta das possibilidades educativas do Teatro de Anima\u00e7\u00e3o envolveram professores e alunos da Escola Italiana Eugenio Montale, de 24 a 28 de agosto de 2026. O projeto, conduzido pela Burattini della Commedia, grupo artesanal especializado no teatro de bonecos da Commedia dell\u2019Arte, prop\u00f4s atividades [&hellip;]<\/p>\n                                <a title=\"Teatro | I Burattini della Commedia \u2013 Forma\u00e7\u00e3o, encontros e oficinas na Escola Italiana Eugenio Montale\" class=\"read-more\" href=\"https:\/\/iicsanpaolo.esteri.it\/pt\/gli_eventi\/calendario\/teatro-i-burattini-della-commedia-formazione-incontri-e-laboratori-alla-scuola-italiana-eugenio-montale\/\">\n                                    <span class=\"text\">Leia mais<\/span>\n                                    <svg class=\"icon\">\n                                    <use xlink:href=\"https:\/\/iicsanpaolo.esteri.it\/wp-content\/themes\/sedi-tema\/assets\/svg\/sprites.svg#it-arrow-right\"><\/use>\n                                    <\/svg>\n                                <\/a>\n                                                        <\/div>\n                                                    <\/div>\n                    <\/div>\n                <\/div>\n                <!--end card-->\n                <\/div><!-- col-12 .mt-3-->\n                            <div class=\"col-12 mt-3\">\n                <!--start card-->\n                <div class=\"card-wrapper card-space\">\n                    <div class=\"card card-bg card-big border-bottom-card\">\n                        <div class=\"card-body row\">\n                                                    <div class=\"col-sm-3\">\n                                <div class=\"img-responsive\">\n                                    <figure class=\"img-wrapper\">\n                                        <a href=\"https:\/\/iicsanpaolo.esteri.it\/pt\/gli_eventi\/calendario\/teatro-arlecchino-e-colombina-e-la-festa-da-ballo\/\" title=\"Leia o artigo: TEATRO | Arlecchino e Colombina e la festa da ballo\">\n                                                                                            <img loading=\"lazy\" decoding=\"async\" width=\"300\" height=\"200\" src=\"https:\/\/iicsanpaolo.esteri.it\/wp-content\/uploads\/2026\/08\/MORENO-arlec3-1-300x200.jpg\" srcset=\"https:\/\/iicsanpaolo.esteri.it\/wp-content\/uploads\/2026\/08\/MORENO-arlec3-1.jpg 978w, https:\/\/iicsanpaolo.esteri.it\/wp-content\/uploads\/2026\/08\/MORENO-arlec3-1-300x200.jpg 300w, https:\/\/iicsanpaolo.esteri.it\/wp-content\/uploads\/2026\/08\/MORENO-arlec3-1-768x512.jpg 768w\" sizes=\"auto, (max-width: 978px) 100vw, 978px\"  title=\"MORENO arlec(3)\" alt=\"\" class=\"img-fluid\">\n                                                                                    <\/a>\n                                    <\/figure>\n                                <\/div>\n                            <\/div>\n                            <div class=\"col-sm-9\">\n                                                            <div class=\"category-top\">\n                                    <span class=\"fw-bold text-danger\">Encerrado<\/span>                                                                        <span class=\"data\">\n                                        <svg class=\"icon icon-secondary\">\n                                            <use xlink:href=\"https:\/\/iicsanpaolo.esteri.it\/wp-content\/themes\/sedi-tema\/assets\/svg\/sprites.svg#it-calendar\"><\/use>\n                                        <\/svg> S\u00e1b Ago 22 2026<svg class=\"icon icon-xs icon-secondary me-1 ms-1\"><use href=\"https:\/\/iicsanpaolo.esteri.it\/wp-content\/themes\/sedi-tema\/assets\/svg\/sprites.svg#it-arrow-right\"><\/use><\/svg>S\u00e1b Ago 22 2026                                    <\/span>\n                                                                    <\/div>\n                            <h5 class=\"card-title big-heading text-uppercase\"><a class=\"text-body text-decoration-none\" href=\"https:\/\/iicsanpaolo.esteri.it\/pt\/gli_eventi\/calendario\/teatro-arlecchino-e-colombina-e-la-festa-da-ballo\/\" title=\"TEATRO | Arlecchino e Colombina e la festa da ballo\">TEATRO | Arlecchino e Colombina e la festa da ballo<\/a><\/h5>\n                            <p class=\"card-text\">Entre os dias 22 e 27 de agosto, o Instituto Italiano de Cultura de S\u00e3o Paulo promove uma programa\u00e7\u00e3o dedicada ao teatro de bonecos da tradi\u00e7\u00e3o italiana, reunindo espet\u00e1culo, confer\u00eancia, oficinas e atividades formativas conduzidas pelo bonequeiro e pesquisador italiano Moreno Pigoni, fundador do grupo Burattini della Commedia. A programa\u00e7\u00e3o tem in\u00edcio no dia 22 [&hellip;]<\/p>\n                                <a title=\"TEATRO | Arlecchino e Colombina e la festa da ballo\" class=\"read-more\" href=\"https:\/\/iicsanpaolo.esteri.it\/pt\/gli_eventi\/calendario\/teatro-arlecchino-e-colombina-e-la-festa-da-ballo\/\">\n                                    <span class=\"text\">Leia mais<\/span>\n                                    <svg class=\"icon\">\n                                    <use xlink:href=\"https:\/\/iicsanpaolo.esteri.it\/wp-content\/themes\/sedi-tema\/assets\/svg\/sprites.svg#it-arrow-right\"><\/use>\n                                    <\/svg>\n                                <\/a>\n                                                        <\/div>\n                                                    <\/div>\n                    <\/div>\n                <\/div>\n                <!--end card-->\n                <\/div><!-- col-12 .mt-3-->\n                            <div class=\"col-12 mt-3\">\n                <!--start card-->\n                <div class=\"card-wrapper card-space\">\n                    <div class=\"card card-bg card-big border-bottom-card\">\n                        <div class=\"card-body row\">\n                                                    <div class=\"col-sm-3\">\n                                <div class=\"img-responsive\">\n                                    <figure class=\"img-wrapper\">\n                                        <a href=\"https:\/\/iicsanpaolo.esteri.it\/pt\/gli_eventi\/calendario\/scienze-ciclo-di-conferenze-atopos-incontri-di-agosto\/\" title=\"Leia o artigo: Ci\u00eancias | Ciclo de Palestras Atopos: Encontros de agosto\">\n                                                                                            <img loading=\"lazy\" decoding=\"async\" width=\"300\" height=\"300\" src=\"https:\/\/iicsanpaolo.esteri.it\/wp-content\/uploads\/2026\/08\/WhatsApp-Image-2026-08-14-at-11.44.49-300x300.jpeg\" srcset=\"https:\/\/iicsanpaolo.esteri.it\/wp-content\/uploads\/2026\/08\/WhatsApp-Image-2026-08-14-at-11.44.49.jpeg 1254w, https:\/\/iicsanpaolo.esteri.it\/wp-content\/uploads\/2026\/08\/WhatsApp-Image-2026-08-14-at-11.44.49-300x300.jpeg 300w, https:\/\/iicsanpaolo.esteri.it\/wp-content\/uploads\/2026\/08\/WhatsApp-Image-2026-08-14-at-11.44.49-1024x1024.jpeg 1024w, https:\/\/iicsanpaolo.esteri.it\/wp-content\/uploads\/2026\/08\/WhatsApp-Image-2026-08-14-at-11.44.49-150x150.jpeg 150w, https:\/\/iicsanpaolo.esteri.it\/wp-content\/uploads\/2026\/08\/WhatsApp-Image-2026-08-14-at-11.44.49-768x768.jpeg 768w\" sizes=\"auto, (max-width: 1254px) 100vw, 1254px\"  title=\"WhatsApp Image 2026-08-14 at 11.44.49\" alt=\"\" class=\"img-fluid\">\n                                                                                    <\/a>\n                                    <\/figure>\n                                <\/div>\n                            <\/div>\n                            <div class=\"col-sm-9\">\n                                                            <div class=\"category-top\">\n                                    <span class=\"fw-bold text-danger\">Encerrado<\/span>                                                                        <span class=\"data\">\n                                        <svg class=\"icon icon-secondary\">\n                                            <use xlink:href=\"https:\/\/iicsanpaolo.esteri.it\/wp-content\/themes\/sedi-tema\/assets\/svg\/sprites.svg#it-calendar\"><\/use>\n                                        <\/svg> Qua Ago 19 2026<svg class=\"icon icon-xs icon-secondary me-1 ms-1\"><use href=\"https:\/\/iicsanpaolo.esteri.it\/wp-content\/themes\/sedi-tema\/assets\/svg\/sprites.svg#it-arrow-right\"><\/use><\/svg>Qua Ago 26 2026                                    <\/span>\n                                                                    <\/div>\n                            <h5 class=\"card-title big-heading text-uppercase\"><a class=\"text-body text-decoration-none\" href=\"https:\/\/iicsanpaolo.esteri.it\/pt\/gli_eventi\/calendario\/scienze-ciclo-di-conferenze-atopos-incontri-di-agosto\/\" title=\"Ci\u00eancias | Ciclo de Palestras Atopos: Encontros de agosto\">Ci\u00eancias | Ciclo de Palestras Atopos: Encontros de agosto<\/a><\/h5>\n                            <p class=\"card-text\">Il 19 e il 26 agosto 2026, l\u2019Istituto di Studi Avanzati dell\u2019Universit\u00e0 di San Paolo (IEA-USP) ospiter\u00e0 due incontri dedicati alle relazioni tra tecnologia, ambiente, biodiversit\u00e0, dati e diverse forme di conoscenza, proponendo una riflessione sui modi in cui le tecnologie digitali possono contribuire a ripensare il nostro comune. Le attivit\u00e0 fanno parte di un [&hellip;]<\/p>\n                                <a title=\"Ci\u00eancias | Ciclo de Palestras Atopos: Encontros de agosto\" class=\"read-more\" href=\"https:\/\/iicsanpaolo.esteri.it\/pt\/gli_eventi\/calendario\/scienze-ciclo-di-conferenze-atopos-incontri-di-agosto\/\">\n                                    <span class=\"text\">Leia mais<\/span>\n                                    <svg class=\"icon\">\n                                    <use xlink:href=\"https:\/\/iicsanpaolo.esteri.it\/wp-content\/themes\/sedi-tema\/assets\/svg\/sprites.svg#it-arrow-right\"><\/use>\n                                    <\/svg>\n                                <\/a>\n                                                        <\/div>\n                                                    <\/div>\n                    <\/div>\n                <\/div>\n                <!--end card-->\n                <\/div><!-- col-12 .mt-3-->\n                            <div class=\"col-12 mt-3\">\n                <!--start card-->\n                <div class=\"card-wrapper card-space\">\n                    <div class=\"card card-bg card-big border-bottom-card\">\n                        <div class=\"card-body row\">\n                                                    <div class=\"col-sm-3\">\n                                <div class=\"img-responsive\">\n                                    <figure class=\"img-wrapper\">\n                                        <a href=\"https:\/\/iicsanpaolo.esteri.it\/pt\/gli_eventi\/calendario\/lingua-italiana-sabato-culturale\/\" title=\"Leia o artigo: L\u00edngua Italiana | Sabato Culturale\">\n                                                                                            <img loading=\"lazy\" decoding=\"async\" width=\"300\" height=\"168\" src=\"https:\/\/iicsanpaolo.esteri.it\/wp-content\/uploads\/2026\/08\/iNS-iTA-CULT-07-300x168.jpg\" srcset=\"https:\/\/iicsanpaolo.esteri.it\/wp-content\/uploads\/2026\/08\/iNS-iTA-CULT-07.jpg 1920w, https:\/\/iicsanpaolo.esteri.it\/wp-content\/uploads\/2026\/08\/iNS-iTA-CULT-07-300x168.jpg 300w, https:\/\/iicsanpaolo.esteri.it\/wp-content\/uploads\/2026\/08\/iNS-iTA-CULT-07-1024x575.jpg 1024w, https:\/\/iicsanpaolo.esteri.it\/wp-content\/uploads\/2026\/08\/iNS-iTA-CULT-07-768x431.jpg 768w\" sizes=\"auto, (max-width: 1920px) 100vw, 1920px\"  title=\"iNS iTA CULT-07\" alt=\"\" class=\"img-fluid\">\n                                                                                    <\/a>\n                                    <\/figure>\n                                <\/div>\n                            <\/div>\n                            <div class=\"col-sm-9\">\n                                                            <div class=\"category-top\">\n                                    <span class=\"fw-bold text-danger\">Encerrado<\/span>                                                                        <span class=\"data\">\n                                        <svg class=\"icon icon-secondary\">\n                                            <use xlink:href=\"https:\/\/iicsanpaolo.esteri.it\/wp-content\/themes\/sedi-tema\/assets\/svg\/sprites.svg#it-calendar\"><\/use>\n                                        <\/svg> S\u00e1b Ago 15 2026<svg class=\"icon icon-xs icon-secondary me-1 ms-1\"><use href=\"https:\/\/iicsanpaolo.esteri.it\/wp-content\/themes\/sedi-tema\/assets\/svg\/sprites.svg#it-arrow-right\"><\/use><\/svg>S\u00e1b Ago 15 2026                                    <\/span>\n                                                                    <\/div>\n                            <h5 class=\"card-title big-heading text-uppercase\"><a class=\"text-body text-decoration-none\" href=\"https:\/\/iicsanpaolo.esteri.it\/pt\/gli_eventi\/calendario\/lingua-italiana-sabato-culturale\/\" title=\"L\u00edngua Italiana | Sabato Culturale\">L\u00edngua Italiana | Sabato Culturale<\/a><\/h5>\n                            <p class=\"card-text\">No s\u00e1bado de manh\u00e3, as alunas e os alunos do curso de Letras \u2013 Italiano da USP participaram de uma visita ao Instituto Italiano de Cultura de S\u00e3o Paulo (IICSP), acompanhados pelo diretor do Instituto, Lillo Teodoro Guarneri. Durante a visita, os estudantes tiveram a oportunidade de conhecer a sede do Instituto, sua biblioteca e [&hellip;]<\/p>\n                                <a title=\"L\u00edngua Italiana | Sabato Culturale\" class=\"read-more\" href=\"https:\/\/iicsanpaolo.esteri.it\/pt\/gli_eventi\/calendario\/lingua-italiana-sabato-culturale\/\">\n                                    <span class=\"text\">Leia mais<\/span>\n                                    <svg class=\"icon\">\n                                    <use xlink:href=\"https:\/\/iicsanpaolo.esteri.it\/wp-content\/themes\/sedi-tema\/assets\/svg\/sprites.svg#it-arrow-right\"><\/use>\n                                    <\/svg>\n                                <\/a>\n                                                        <\/div>\n                                                    <\/div>\n                    <\/div>\n                <\/div>\n                <!--end card-->\n                <\/div><!-- col-12 .mt-3-->\n                            <div class=\"col-12 mt-3\">\n                <!--start card-->\n                <div class=\"card-wrapper card-space\">\n                    <div class=\"card card-bg card-big border-bottom-card\">\n                        <div class=\"card-body row\">\n                                                    <div class=\"col-sm-3\">\n                                <div class=\"img-responsive\">\n                                    <figure class=\"img-wrapper\">\n                                        <a href=\"https:\/\/iicsanpaolo.esteri.it\/pt\/gli_eventi\/calendario\/musica-encontro-o-mistico-pop-da-musica-italiana-convite-para-uma-viagem-ao-universo-de-franco-battiato\/\" title=\"Leia o artigo: M\u00fasica | Encontro: \u201cO m\u00edstico-pop da m\u00fasica italiana. Convite para uma viagem ao universo de Franco Battiato\u201d\">\n                                                                                            <img loading=\"lazy\" decoding=\"async\" width=\"300\" height=\"176\" src=\"https:\/\/iicsanpaolo.esteri.it\/wp-content\/uploads\/2026\/07\/IIC_BATTIATO_CAPAS-FOCUS-300x176.jpg\" srcset=\"https:\/\/iicsanpaolo.esteri.it\/wp-content\/uploads\/2026\/07\/IIC_BATTIATO_CAPAS-FOCUS.jpg 1000w, https:\/\/iicsanpaolo.esteri.it\/wp-content\/uploads\/2026\/07\/IIC_BATTIATO_CAPAS-FOCUS-300x176.jpg 300w, https:\/\/iicsanpaolo.esteri.it\/wp-content\/uploads\/2026\/07\/IIC_BATTIATO_CAPAS-FOCUS-768x449.jpg 768w\" sizes=\"auto, (max-width: 1000px) 100vw, 1000px\"  title=\"IIC_BATTIATO_CAPAS-FOCUS\" alt=\"\" class=\"img-fluid\">\n                                                                                    <\/a>\n                                    <\/figure>\n                                <\/div>\n                            <\/div>\n                            <div class=\"col-sm-9\">\n                                                            <div class=\"category-top\">\n                                    <span class=\"fw-bold text-danger\">Encerrado<\/span>                                                                        <span class=\"data\">\n                                        <svg class=\"icon icon-secondary\">\n                                            <use xlink:href=\"https:\/\/iicsanpaolo.esteri.it\/wp-content\/themes\/sedi-tema\/assets\/svg\/sprites.svg#it-calendar\"><\/use>\n                                        <\/svg> Ter Ago 11 2026                                    <\/span>\n                                                                    <\/div>\n                            <h5 class=\"card-title big-heading text-uppercase\"><a class=\"text-body text-decoration-none\" href=\"https:\/\/iicsanpaolo.esteri.it\/pt\/gli_eventi\/calendario\/musica-encontro-o-mistico-pop-da-musica-italiana-convite-para-uma-viagem-ao-universo-de-franco-battiato\/\" title=\"M\u00fasica | Encontro: \u201cO m\u00edstico-pop da m\u00fasica italiana. Convite para uma viagem ao universo de Franco Battiato\u201d\">M\u00fasica | Encontro: \u201cO m\u00edstico-pop da m\u00fasica italiana. Convite para uma viagem ao universo de Franco Battiato\u201d<\/a><\/h5>\n                            <p class=\"card-text\">com Flavio Vasta O Instituto Italiano de Cultura de S\u00e3o Paulo tem o prazer de apresentar &#8220;O m\u00edstico-pop da m\u00fasica italiana. Convite para uma viagem ao universo de Franco Battiato&#8221;, uma confer\u00eancia dedicada a um dos artistas mais originais e influentes da cultura italiana contempor\u00e2nea. Uma vida e uma trajet\u00f3ria art\u00edstica multifacetadas marcam a carreira [&hellip;]<\/p>\n                                <a title=\"M\u00fasica | Encontro: \u201cO m\u00edstico-pop da m\u00fasica italiana. Convite para uma viagem ao universo de Franco Battiato\u201d\" class=\"read-more\" href=\"https:\/\/iicsanpaolo.esteri.it\/pt\/gli_eventi\/calendario\/musica-encontro-o-mistico-pop-da-musica-italiana-convite-para-uma-viagem-ao-universo-de-franco-battiato\/\">\n                                    <span class=\"text\">Leia mais<\/span>\n                                    <svg class=\"icon\">\n                                    <use xlink:href=\"https:\/\/iicsanpaolo.esteri.it\/wp-content\/themes\/sedi-tema\/assets\/svg\/sprites.svg#it-arrow-right\"><\/use>\n                                    <\/svg>\n                                <\/a>\n                                                        <\/div>\n                                                    <\/div>\n                    <\/div>\n                <\/div>\n                <!--end card-->\n                <\/div><!-- col-12 .mt-3-->\n                            <div class=\"col-12 mt-3\">\n                <!--start card-->\n                <div class=\"card-wrapper card-space\">\n                    <div class=\"card card-bg card-big border-bottom-card\">\n                        <div class=\"card-body row\">\n                                                    <div class=\"col-sm-3\">\n                                <div class=\"img-responsive\">\n                                    <figure class=\"img-wrapper\">\n                                        <a href=\"https:\/\/iicsanpaolo.esteri.it\/pt\/gli_eventi\/calendario\/musica-semana-da-voz-bh-sp\/\" title=\"Leia o artigo: M\u00fasica | Semana da Voz BH + SP\">\n                                                                                            <img loading=\"lazy\" decoding=\"async\" width=\"300\" height=\"200\" src=\"https:\/\/iicsanpaolo.esteri.it\/wp-content\/uploads\/2026\/07\/credits-Flavio-Souza-Cruz-300x200.jpg\" srcset=\"https:\/\/iicsanpaolo.esteri.it\/wp-content\/uploads\/2026\/07\/credits-Flavio-Souza-Cruz.jpg 1920w, https:\/\/iicsanpaolo.esteri.it\/wp-content\/uploads\/2026\/07\/credits-Flavio-Souza-Cruz-300x200.jpg 300w, https:\/\/iicsanpaolo.esteri.it\/wp-content\/uploads\/2026\/07\/credits-Flavio-Souza-Cruz-1024x682.jpg 1024w, https:\/\/iicsanpaolo.esteri.it\/wp-content\/uploads\/2026\/07\/credits-Flavio-Souza-Cruz-768x512.jpg 768w\" sizes=\"auto, (max-width: 1920px) 100vw, 1920px\"  title=\"credits Fl\u00e1vio Souza Cruz\" alt=\"Foto de Fl\u00e1vio Souza Cruz\" class=\"img-fluid\">\n                                                                                    <\/a>\n                                    <\/figure>\n                                <\/div>\n                            <\/div>\n                            <div class=\"col-sm-9\">\n                                                            <div class=\"category-top\">\n                                    <span class=\"fw-bold text-danger\">Encerrado<\/span>                                                                        <span class=\"data\">\n                                        <svg class=\"icon icon-secondary\">\n                                            <use xlink:href=\"https:\/\/iicsanpaolo.esteri.it\/wp-content\/themes\/sedi-tema\/assets\/svg\/sprites.svg#it-calendar\"><\/use>\n                                        <\/svg> Seg Ago 10 2026<svg class=\"icon icon-xs icon-secondary me-1 ms-1\"><use href=\"https:\/\/iicsanpaolo.esteri.it\/wp-content\/themes\/sedi-tema\/assets\/svg\/sprites.svg#it-arrow-right\"><\/use><\/svg>Dom Ago 23 2026                                    <\/span>\n                                                                    <\/div>\n                            <h5 class=\"card-title big-heading text-uppercase\"><a class=\"text-body text-decoration-none\" href=\"https:\/\/iicsanpaolo.esteri.it\/pt\/gli_eventi\/calendario\/musica-semana-da-voz-bh-sp\/\" title=\"M\u00fasica | Semana da Voz BH + SP\">M\u00fasica | Semana da Voz BH + SP<\/a><\/h5>\n                            <p class=\"card-text\">Agora no Brasil, Francesca Della Monica, uma das maiores especialistas em express\u00e3o vocal da Europa, realizar\u00e1 a Semana da Voz BH + SP. As atividades acontecer\u00e3o de 10 a 23 de agosto de 2026 e representam uma oportunidade singular para artistas, estudantes de arte, pesquisadores da voz e demais interessados aprofundarem seus estudos nas m\u00faltiplas [&hellip;]<\/p>\n                                <a title=\"M\u00fasica | Semana da Voz BH + SP\" class=\"read-more\" href=\"https:\/\/iicsanpaolo.esteri.it\/pt\/gli_eventi\/calendario\/musica-semana-da-voz-bh-sp\/\">\n                                    <span class=\"text\">Leia mais<\/span>\n                                    <svg class=\"icon\">\n                                    <use xlink:href=\"https:\/\/iicsanpaolo.esteri.it\/wp-content\/themes\/sedi-tema\/assets\/svg\/sprites.svg#it-arrow-right\"><\/use>\n                                    <\/svg>\n                                <\/a>\n                                                        <\/div>\n                                                    <\/div>\n                    <\/div>\n                <\/div>\n                <!--end card-->\n                <\/div><!-- col-12 .mt-3-->\n                            <div class=\"col-12 mt-3\">\n                <!--start card-->\n                <div class=\"card-wrapper card-space\">\n                    <div class=\"card card-bg card-big border-bottom-card\">\n                        <div class=\"card-body row\">\n                                                    <div class=\"col-sm-3\">\n                                <div class=\"img-responsive\">\n                                    <figure class=\"img-wrapper\">\n                                        <a href=\"https:\/\/iicsanpaolo.esteri.it\/pt\/gli_eventi\/calendario\/musica-il-pomo-doro-e-jakub-jozef-orlinski\/\" title=\"Leia o artigo: M\u00fasica | Il Pomo D\u2019Oro e Jakub J\u00f3zef Orli\u0144ski\">\n                                                                                            <img loading=\"lazy\" decoding=\"async\" width=\"300\" height=\"200\" src=\"https:\/\/iicsanpaolo.esteri.it\/wp-content\/uploads\/2026\/07\/PDO_Press_3-300x200.jpeg\" srcset=\"https:\/\/iicsanpaolo.esteri.it\/wp-content\/uploads\/2026\/07\/PDO_Press_3.jpeg 1280w, https:\/\/iicsanpaolo.esteri.it\/wp-content\/uploads\/2026\/07\/PDO_Press_3-300x200.jpeg 300w, https:\/\/iicsanpaolo.esteri.it\/wp-content\/uploads\/2026\/07\/PDO_Press_3-1024x682.jpeg 1024w, https:\/\/iicsanpaolo.esteri.it\/wp-content\/uploads\/2026\/07\/PDO_Press_3-768x512.jpeg 768w\" sizes=\"auto, (max-width: 1280px) 100vw, 1280px\"  title=\"PDO_Press_3\" alt=\"\" class=\"img-fluid\">\n                                                                                    <\/a>\n                                    <\/figure>\n                                <\/div>\n                            <\/div>\n                            <div class=\"col-sm-9\">\n                                                            <div class=\"category-top\">\n                                    <span class=\"fw-bold text-danger\">Encerrado<\/span>                                                                        <span class=\"data\">\n                                        <svg class=\"icon icon-secondary\">\n                                            <use xlink:href=\"https:\/\/iicsanpaolo.esteri.it\/wp-content\/themes\/sedi-tema\/assets\/svg\/sprites.svg#it-calendar\"><\/use>\n                                        <\/svg> Seg Ago 10 2026<svg class=\"icon icon-xs icon-secondary me-1 ms-1\"><use href=\"https:\/\/iicsanpaolo.esteri.it\/wp-content\/themes\/sedi-tema\/assets\/svg\/sprites.svg#it-arrow-right\"><\/use><\/svg>Qua Ago 12 2026                                    <\/span>\n                                                                    <\/div>\n                            <h5 class=\"card-title big-heading text-uppercase\"><a class=\"text-body text-decoration-none\" href=\"https:\/\/iicsanpaolo.esteri.it\/pt\/gli_eventi\/calendario\/musica-il-pomo-doro-e-jakub-jozef-orlinski\/\" title=\"M\u00fasica | Il Pomo D\u2019Oro e Jakub J\u00f3zef Orli\u0144ski\">M\u00fasica | Il Pomo D\u2019Oro e Jakub J\u00f3zef Orli\u0144ski<\/a><\/h5>\n                            <p class=\"card-text\">O Instituto Italiano de Cultura de S\u00e3o Paulo tem o prazer de anunciar dois concertos de prest\u00edgio que acontecer\u00e3o no Teatro Cultura Art\u00edstica, com o conjunto barroco Il Pomo D\u2019Oro e o renomado contratenor polon\u00eas Jakub J\u00f3zef Orli\u0144ski, uma das vozes mais celebradas da cena l\u00edrica internacional. 10 de agosto de 2026, \u00e0s 20h00 (aqui [&hellip;]<\/p>\n                                <a title=\"M\u00fasica | Il Pomo D\u2019Oro e Jakub J\u00f3zef Orli\u0144ski\" class=\"read-more\" href=\"https:\/\/iicsanpaolo.esteri.it\/pt\/gli_eventi\/calendario\/musica-il-pomo-doro-e-jakub-jozef-orlinski\/\">\n                                    <span class=\"text\">Leia mais<\/span>\n                                    <svg class=\"icon\">\n                                    <use xlink:href=\"https:\/\/iicsanpaolo.esteri.it\/wp-content\/themes\/sedi-tema\/assets\/svg\/sprites.svg#it-arrow-right\"><\/use>\n                                    <\/svg>\n                                <\/a>\n                                                        <\/div>\n                                                    <\/div>\n                    <\/div>\n                <\/div>\n                <!--end card-->\n                <\/div><!-- col-12 .mt-3-->\n                            <div class=\"col-12 mt-3\">\n                <!--start card-->\n                <div class=\"card-wrapper card-space\">\n                    <div class=\"card card-bg card-big border-bottom-card\">\n                        <div class=\"card-body row\">\n                                                    <div class=\"col-sm-3\">\n                                <div class=\"img-responsive\">\n                                    <figure class=\"img-wrapper\">\n                                        <a href=\"https:\/\/iicsanpaolo.esteri.it\/pt\/gli_eventi\/calendario\/teatro-scena-semana-da-cena-italiana-contemporanea-2026\/\" title=\"Leia o artigo: Teatro | SCENA \u2013 Semana da Cena Italiana Contempor\u00e2nea (2026)\">\n                                                                                            <img loading=\"lazy\" decoding=\"async\" width=\"300\" height=\"176\" src=\"https:\/\/iicsanpaolo.esteri.it\/wp-content\/uploads\/2026\/07\/focus-dettagliato-300x176.jpg\" srcset=\"https:\/\/iicsanpaolo.esteri.it\/wp-content\/uploads\/2026\/07\/focus-dettagliato.jpg 1600w, https:\/\/iicsanpaolo.esteri.it\/wp-content\/uploads\/2026\/07\/focus-dettagliato-300x176.jpg 300w, https:\/\/iicsanpaolo.esteri.it\/wp-content\/uploads\/2026\/07\/focus-dettagliato-1024x600.jpg 1024w, https:\/\/iicsanpaolo.esteri.it\/wp-content\/uploads\/2026\/07\/focus-dettagliato-768x450.jpg 768w\" sizes=\"auto, (max-width: 1600px) 100vw, 1600px\"  title=\"focus dettagliato\" alt=\"\" class=\"img-fluid\">\n                                                                                    <\/a>\n                                    <\/figure>\n                                <\/div>\n                            <\/div>\n                            <div class=\"col-sm-9\">\n                                                            <div class=\"category-top\">\n                                    <span class=\"fw-bold text-danger\">Encerrado<\/span>                                                                        <span class=\"data\">\n                                        <svg class=\"icon icon-secondary\">\n                                            <use xlink:href=\"https:\/\/iicsanpaolo.esteri.it\/wp-content\/themes\/sedi-tema\/assets\/svg\/sprites.svg#it-calendar\"><\/use>\n                                        <\/svg> S\u00e1b Ago 08 2026<svg class=\"icon icon-xs icon-secondary me-1 ms-1\"><use href=\"https:\/\/iicsanpaolo.esteri.it\/wp-content\/themes\/sedi-tema\/assets\/svg\/sprites.svg#it-arrow-right\"><\/use><\/svg>Dom Ago 16 2026                                    <\/span>\n                                                                    <\/div>\n                            <h5 class=\"card-title big-heading text-uppercase\"><a class=\"text-body text-decoration-none\" href=\"https:\/\/iicsanpaolo.esteri.it\/pt\/gli_eventi\/calendario\/teatro-scena-semana-da-cena-italiana-contemporanea-2026\/\" title=\"Teatro | SCENA \u2013 Semana da Cena Italiana Contempor\u00e2nea (2026)\">Teatro | SCENA \u2013 Semana da Cena Italiana Contempor\u00e2nea (2026)<\/a><\/h5>\n                            <p class=\"card-text\">A SCENA \u2013 Semana da Cena Italiana Contempor\u00e2nea realiza sua quinta edi\u00e7\u00e3o em S\u00e3o Paulo, no Sesc Belenzinho, entre os dias 8 e 16 de agosto de 2026, reunindo tr\u00eas espet\u00e1culos que transitam entre teatro, m\u00fasica e dan\u00e7a, in\u00e9ditos na Am\u00e9rica Latina. Realizada pelo Instituto Italiano de Cultura de S\u00e3o Paulo e pelo Sesc S\u00e3o [&hellip;]<\/p>\n                                <a title=\"Teatro | SCENA \u2013 Semana da Cena Italiana Contempor\u00e2nea (2026)\" class=\"read-more\" href=\"https:\/\/iicsanpaolo.esteri.it\/pt\/gli_eventi\/calendario\/teatro-scena-semana-da-cena-italiana-contemporanea-2026\/\">\n                                    <span class=\"text\">Leia mais<\/span>\n                                    <svg class=\"icon\">\n                                    <use xlink:href=\"https:\/\/iicsanpaolo.esteri.it\/wp-content\/themes\/sedi-tema\/assets\/svg\/sprites.svg#it-arrow-right\"><\/use>\n                                    <\/svg>\n                                <\/a>\n                                                        <\/div>\n                                                    <\/div>\n                    <\/div>\n                <\/div>\n                <!--end card-->\n                <\/div><!-- col-12 .mt-3-->\n            \n            <div class=\"col-md-12 mt-4 pb-4\">\n                <nav class=\"navigation col-md-12\" aria-label=\"Navigation\">\n                    <h2 class=\"screen-reader-text visually-hidden\">Pagina\u00e7\u00e3o<\/h2>\n                    <div class=\"nav-links\">\n                    <span aria-current=\"page\" class=\"page-numbers current\">1<\/span>\n<a class=\"page-numbers\" href=\"https:\/\/iicsanpaolo.esteri.it\/pt\/wp-json\/wp\/v2\/pages\/4376\/?pag=2\">2<\/a>\n<a class=\"page-numbers\" href=\"https:\/\/iicsanpaolo.esteri.it\/pt\/wp-json\/wp\/v2\/pages\/4376\/?pag=3\">3<\/a>\n<span class=\"page-numbers dots\">&hellip;<\/span>\n<a class=\"page-numbers\" href=\"https:\/\/iicsanpaolo.esteri.it\/pt\/wp-json\/wp\/v2\/pages\/4376\/?pag=70\">70<\/a>\n<a class=\"next page-numbers\" href=\"https:\/\/iicsanpaolo.esteri.it\/pt\/wp-json\/wp\/v2\/pages\/4376\/?pag=2\"><svg class=\"icon icon-primary\"><use xlink:href=\"https:\/\/iicsanpaolo.esteri.it\/wp-content\/themes\/sedi-tema\/assets\/svg\/sprites.svg#it-chevron-right\"><\/use><\/svg>\n                                    <span class=\"visually-hidden\">Pr\u00f3xima p\u00e1gina<\/span><\/a>                    <\/div>\n                <\/nav>\n            <\/div>   <!--.col-md-12 -->\n              <\/div><!--.row -->\n              \n<p>&nbsp;<\/p>\n","protected":false},"excerpt":{"rendered":"&nbsp;","protected":false},"author":1,"featured_media":0,"parent":32,"menu_order":0,"comment_status":"closed","ping_status":"closed","template":"","meta":{"footnotes":""},"class_list":["post-4376","page","type-page","status-publish","hentry"],"_links":{"self":[{"href":"https:\/\/iicsanpaolo.esteri.it\/pt\/wp-json\/wp\/v2\/pages\/4376","targetHints":{"allow":["GET"]}}],"collection":[{"href":"https:\/\/iicsanpaolo.esteri.it\/pt\/wp-json\/wp\/v2\/pages"}],"about":[{"href":"https:\/\/iicsanpaolo.esteri.it\/pt\/wp-json\/wp\/v2\/types\/page"}],"author":[{"embeddable":true,"href":"https:\/\/iicsanpaolo.esteri.it\/pt\/wp-json\/wp\/v2\/users\/1"}],"replies":[{"embeddable":true,"href":"https:\/\/iicsanpaolo.esteri.it\/pt\/wp-json\/wp\/v2\/comments?post=4376"}],"version-history":[{"count":1,"href":"https:\/\/iicsanpaolo.esteri.it\/pt\/wp-json\/wp\/v2\/pages\/4376\/revisions"}],"predecessor-version":[{"id":5685,"href":"https:\/\/iicsanpaolo.esteri.it\/pt\/wp-json\/wp\/v2\/pages\/4376\/revisions\/5685"}],"up":[{"embeddable":true,"href":"https:\/\/iicsanpaolo.esteri.it\/pt\/wp-json\/wp\/v2\/pages\/32"}],"wp:attachment":[{"href":"https:\/\/iicsanpaolo.esteri.it\/pt\/wp-json\/wp\/v2\/media?parent=4376"}],"curies":[{"name":"wp","href":"https:\/\/api.w.org\/{rel}","templated":true}]}}