{"id":758,"date":"2022-12-06T17:35:49","date_gmt":"2022-12-06T20:35:49","guid":{"rendered":"https:\/\/iicsanpaolo.esteri.it\/gli_eventi\/calendario\/"},"modified":"2024-11-08T14:35:41","modified_gmt":"2024-11-08T17:35:41","slug":"calendario","status":"publish","type":"page","link":"https:\/\/iicsanpaolo.esteri.it\/pt\/gli_eventi\/calendario\/","title":{"rendered":"Eventos programados"},"content":{"rendered":"        <div class=\"row\">\n\t\t\t<!-- Ricerca sedi post -->\n\t\t\t<div class=\"col-12 mt-4\">\n\t\t\t  <div class=\"callout callout-highlight note ricerca-esteri p-4\">\n                    <div class=\"callout-title\">\n                        <svg class=\"icon\">\n                            <use xlink:href=\"https:\/\/iicsanpaolo.esteri.it\/wp-content\/themes\/sedi-tema\/assets\/svg\/sprites.svg#it-search\"><\/use>\n                        <\/svg>Insira seus par\u00e2metros de pesquisa                    <\/div>\n                    <form id=\"searchFormPost\" name=\"form-search-post\" class=\"form-row align-items-center\" action=\"https:\/\/iicsanpaolo.esteri.it\/pt\/wp-json\/wp\/v2\/pages\/758\/\" method=\"GET\"> \n                        <!-- <div class=\"form-group pt-5\"> -->\n                            <!-- <input type=\"hidden\" id=\"lang\" name=\"lang\" value=\"\"> --> <!-- <\/div> -->\n\n                        <div class=\"it-datepicker-wrapper\">\n                            <div class=\"row\">\n                                <div class=\"form-group col-md-6\">\n                                    <label class=\"active\" for=\"date-init\">De<\/label>\n                                    <input class=\"form-control\" name=\"date-init\" id=\"date-init\" type=\"date\" placeholder=\"gg\/mm\/aaaa\" value=\"\"lang=\"en-EN\">  \n                                <\/div>\n                                <div class=\"form-group col-md-6\">\n                                    <label class=\"active\" for=\"date-end\">Para o<\/label>\n                                    <input class=\"form-control\" name=\"date-end\" id=\"date-end\" type=\"date\" placeholder=\"gg\/mm\/aaaa\" value=\"\">\n                                <\/div>\n                            <\/div>\n                        <\/div>\n                        <div class=\"form-group col-md-12 mt-3\">\n                            <label for=\"searchText\">Campo de pesquisa gratuito<\/label>\n                            <input type=\"text\" name=\"searchText\" class=\"form-control\" id=\"searchText\" value=\"\">\n                        <\/div>\n                        <div class=\"form-group col-md-4 offset-md-8 text-end\">\n                            <a href=\"https:\/\/iicsanpaolo.esteri.it\/pt\/gli_eventi\/calendario\/\" title=\"Form reset\" id=\"resetImput\" class=\"btn btn-outline-primary btn-xs\">Reset<\/a>\n                            <button type=\"submit\" class=\"btn btn-primary btn-xs\">Mostrar resultados<\/button>\n                        <\/div>\n                    <\/form>\n\t\t\t\t<\/div>\n\t\t\t<\/div>\n\t\t<\/div>\n                    \n            <div class=\"row\">\n                            <div class=\"col-12 mt-3\">\n                <!--start card-->\n                <div class=\"card-wrapper card-space\">\n                    <div class=\"card card-bg card-big border-bottom-card\">\n                        <div class=\"card-body row\">\n                                                    <div class=\"col-sm-3\">\n                                <div class=\"img-responsive\">\n                                    <figure class=\"img-wrapper\">\n                                        <a href=\"https:\/\/iicsanpaolo.esteri.it\/pt\/gli_eventi\/calendario\/calendario-de-eventos-marco-2026\/\" title=\"Leia o artigo: Calend\u00e1rio de eventos &#8211; Setembro 2026\">\n                                                                                            <img loading=\"lazy\" decoding=\"async\" width=\"300\" height=\"176\" src=\"https:\/\/iicsanpaolo.esteri.it\/wp-content\/uploads\/2026\/03\/FOCUS-SETEMBRO-PT-300x176.png\" srcset=\"https:\/\/iicsanpaolo.esteri.it\/wp-content\/uploads\/2026\/03\/FOCUS-SETEMBRO-PT.png 1920w, https:\/\/iicsanpaolo.esteri.it\/wp-content\/uploads\/2026\/03\/FOCUS-SETEMBRO-PT-300x176.png 300w, https:\/\/iicsanpaolo.esteri.it\/wp-content\/uploads\/2026\/03\/FOCUS-SETEMBRO-PT-1024x600.png 1024w, https:\/\/iicsanpaolo.esteri.it\/wp-content\/uploads\/2026\/03\/FOCUS-SETEMBRO-PT-768x450.png 768w\" sizes=\"auto, (max-width: 1920px) 100vw, 1920px\"  title=\"FOCUS SETEMBRO PT\" alt=\"\" class=\"img-fluid\">\n                                                                                    <\/a>\n                                    <\/figure>\n                                <\/div>\n                            <\/div>\n                            <div class=\"col-sm-9\">\n                                                            <div class=\"category-top\">\n                                    <span class=\"fw-bold text-success\">Em andamento<\/span>                                                                        <span class=\"data\">\n                                        <svg class=\"icon icon-secondary\">\n                                            <use xlink:href=\"https:\/\/iicsanpaolo.esteri.it\/wp-content\/themes\/sedi-tema\/assets\/svg\/sprites.svg#it-calendar\"><\/use>\n                                        <\/svg> Qui Jan 01 2026<svg class=\"icon icon-xs icon-secondary me-1 ms-1\"><use href=\"https:\/\/iicsanpaolo.esteri.it\/wp-content\/themes\/sedi-tema\/assets\/svg\/sprites.svg#it-arrow-right\"><\/use><\/svg>Qui Dez 31 2026                                    <\/span>\n                                                                    <\/div>\n                            <h5 class=\"card-title big-heading text-uppercase\"><a class=\"text-body text-decoration-none\" href=\"https:\/\/iicsanpaolo.esteri.it\/pt\/gli_eventi\/calendario\/calendario-de-eventos-marco-2026\/\" title=\"Calend\u00e1rio de eventos &#8211; Setembro 2026\">Calend\u00e1rio de eventos &#8211; Setembro 2026<\/a><\/h5>\n                            <p class=\"card-text\">Confira a programa\u00e7\u00e3o dos eventos do IIC do m\u00eas de setembro<\/p>\n                                <a title=\"Calend\u00e1rio de eventos &#8211; Setembro 2026\" class=\"read-more\" href=\"https:\/\/iicsanpaolo.esteri.it\/pt\/gli_eventi\/calendario\/calendario-de-eventos-marco-2026\/\">\n                                    <span class=\"text\">Leia mais<\/span>\n                                    <svg class=\"icon\">\n                                    <use xlink:href=\"https:\/\/iicsanpaolo.esteri.it\/wp-content\/themes\/sedi-tema\/assets\/svg\/sprites.svg#it-arrow-right\"><\/use>\n                                    <\/svg>\n                                <\/a>\n                                                        <\/div>\n                                                    <\/div>\n                    <\/div>\n                <\/div>\n                <!--end card-->\n                <\/div><!-- col-12 .mt-3-->\n                            <div class=\"col-12 mt-3\">\n                <!--start card-->\n                <div class=\"card-wrapper card-space\">\n                    <div class=\"card card-bg card-big border-bottom-card\">\n                        <div class=\"card-body row\">\n                                                    <div class=\"col-sm-3\">\n                                <div class=\"img-responsive\">\n                                    <figure class=\"img-wrapper\">\n                                        <a href=\"https:\/\/iicsanpaolo.esteri.it\/pt\/gli_eventi\/calendario\/cinema-xi-mostra-permanente-de-cinema-italiano\/\" title=\"Leia o artigo: Cinema | XI Mostra Permanente de Cinema Italiano\">\n                                                                                            <img loading=\"lazy\" decoding=\"async\" width=\"300\" height=\"176\" src=\"https:\/\/iicsanpaolo.esteri.it\/wp-content\/uploads\/2026\/01\/mostra-permanente-300x176.png\" srcset=\"https:\/\/iicsanpaolo.esteri.it\/wp-content\/uploads\/2026\/01\/mostra-permanente.png 1920w, https:\/\/iicsanpaolo.esteri.it\/wp-content\/uploads\/2026\/01\/mostra-permanente-300x176.png 300w, https:\/\/iicsanpaolo.esteri.it\/wp-content\/uploads\/2026\/01\/mostra-permanente-1024x600.png 1024w, https:\/\/iicsanpaolo.esteri.it\/wp-content\/uploads\/2026\/01\/mostra-permanente-768x450.png 768w\" sizes=\"auto, (max-width: 1920px) 100vw, 1920px\"  title=\"mostra permanente\" alt=\"\" class=\"img-fluid\">\n                                                                                    <\/a>\n                                    <\/figure>\n                                <\/div>\n                            <\/div>\n                            <div class=\"col-sm-9\">\n                                                            <div class=\"category-top\">\n                                    <span class=\"fw-bold text-success\">Em andamento<\/span>                                                                        <span class=\"data\">\n                                        <svg class=\"icon icon-secondary\">\n                                            <use xlink:href=\"https:\/\/iicsanpaolo.esteri.it\/wp-content\/themes\/sedi-tema\/assets\/svg\/sprites.svg#it-calendar\"><\/use>\n                                        <\/svg> Seg Fev 02 2026<svg class=\"icon icon-xs icon-secondary me-1 ms-1\"><use href=\"https:\/\/iicsanpaolo.esteri.it\/wp-content\/themes\/sedi-tema\/assets\/svg\/sprites.svg#it-arrow-right\"><\/use><\/svg>Seg Nov 30 2026                                    <\/span>\n                                                                    <\/div>\n                            <h5 class=\"card-title big-heading text-uppercase\"><a class=\"text-body text-decoration-none\" href=\"https:\/\/iicsanpaolo.esteri.it\/pt\/gli_eventi\/calendario\/cinema-xi-mostra-permanente-de-cinema-italiano\/\" title=\"Cinema | XI Mostra Permanente de Cinema Italiano\">Cinema | XI Mostra Permanente de Cinema Italiano<\/a><\/h5>\n                            <p class=\"card-text\">O Centro Popular de Cultura da UMES apresenta a 11a edi\u00e7\u00e3o da Mostra Permanente de Cinema Italiano. Criada em 2016, a Mostra exibe os cl\u00e1ssicos da cinematografia italiana de todas as \u00e9pocas, sempre \u00e0s segundas-feiras e durante o ano inteiro. Neste ano, ser\u00e3o 39 filmes de 20 grandes diretores italianos em uma programa\u00e7\u00e3o repleta de [&hellip;]<\/p>\n                                <a title=\"Cinema | XI Mostra Permanente de Cinema Italiano\" class=\"read-more\" href=\"https:\/\/iicsanpaolo.esteri.it\/pt\/gli_eventi\/calendario\/cinema-xi-mostra-permanente-de-cinema-italiano\/\">\n                                    <span class=\"text\">Leia mais<\/span>\n                                    <svg class=\"icon\">\n                                    <use xlink:href=\"https:\/\/iicsanpaolo.esteri.it\/wp-content\/themes\/sedi-tema\/assets\/svg\/sprites.svg#it-arrow-right\"><\/use>\n                                    <\/svg>\n                                <\/a>\n                                                        <\/div>\n                                                    <\/div>\n                    <\/div>\n                <\/div>\n                <!--end card-->\n                <\/div><!-- col-12 .mt-3-->\n                            <div class=\"col-12 mt-3\">\n                <!--start card-->\n                <div class=\"card-wrapper card-space\">\n                    <div class=\"card card-bg card-big border-bottom-card\">\n                        <div class=\"card-body row\">\n                                                    <div class=\"col-sm-3\">\n                                <div class=\"img-responsive\">\n                                    <figure class=\"img-wrapper\">\n                                        <a href=\"https:\/\/iicsanpaolo.esteri.it\/pt\/gli_eventi\/calendario\/opera-sipario-a-magia-da-opera-italiana-pelo-brasil\/\" title=\"Leia o artigo: \u00d3PERA | SIPARIO \u2013 A magia da \u00f3pera italiana pelo Brasil\">\n                                                                                            <img loading=\"lazy\" decoding=\"async\" width=\"300\" height=\"176\" src=\"https:\/\/iicsanpaolo.esteri.it\/wp-content\/uploads\/2026\/03\/focus-sipario-300x176.jpg\" srcset=\"https:\/\/iicsanpaolo.esteri.it\/wp-content\/uploads\/2026\/03\/focus-sipario.jpg 1000w, https:\/\/iicsanpaolo.esteri.it\/wp-content\/uploads\/2026\/03\/focus-sipario-300x176.jpg 300w, https:\/\/iicsanpaolo.esteri.it\/wp-content\/uploads\/2026\/03\/focus-sipario-768x450.jpg 768w\" sizes=\"auto, (max-width: 1000px) 100vw, 1000px\"  title=\"focus sipario\" alt=\"\" class=\"img-fluid\">\n                                                                                    <\/a>\n                                    <\/figure>\n                                <\/div>\n                            <\/div>\n                            <div class=\"col-sm-9\">\n                                                            <div class=\"category-top\">\n                                    <span class=\"fw-bold text-success\">Em andamento<\/span>                                                                        <span class=\"data\">\n                                        <svg class=\"icon icon-secondary\">\n                                            <use xlink:href=\"https:\/\/iicsanpaolo.esteri.it\/wp-content\/themes\/sedi-tema\/assets\/svg\/sprites.svg#it-calendar\"><\/use>\n                                        <\/svg> S\u00e1b Abr 25 2026<svg class=\"icon icon-xs icon-secondary me-1 ms-1\"><use href=\"https:\/\/iicsanpaolo.esteri.it\/wp-content\/themes\/sedi-tema\/assets\/svg\/sprites.svg#it-arrow-right\"><\/use><\/svg>Ter Set 15 2026                                    <\/span>\n                                                                    <\/div>\n                            <h5 class=\"card-title big-heading text-uppercase\"><a class=\"text-body text-decoration-none\" href=\"https:\/\/iicsanpaolo.esteri.it\/pt\/gli_eventi\/calendario\/opera-sipario-a-magia-da-opera-italiana-pelo-brasil\/\" title=\"\u00d3PERA | SIPARIO \u2013 A magia da \u00f3pera italiana pelo Brasil\">\u00d3PERA | SIPARIO \u2013 A magia da \u00f3pera italiana pelo Brasil<\/a><\/h5>\n                            <p class=\"card-text\">A excel\u00eancia da tradi\u00e7\u00e3o l\u00edrica italiana desembarca no Brasil com a segunda temporada do Projeto SIPARIO \u2013 A magia da \u00f3pera italiana pelo Brasil, uma iniciativa que promove o interc\u00e2mbio cultural por meio de concertos que re\u00fanem artistas internacionais e talentos brasileiros. Realizada pelo Instituto Italiano de Cultura de S\u00e3o Paulo em parceria com a [&hellip;]<\/p>\n                                <a title=\"\u00d3PERA | SIPARIO \u2013 A magia da \u00f3pera italiana pelo Brasil\" class=\"read-more\" href=\"https:\/\/iicsanpaolo.esteri.it\/pt\/gli_eventi\/calendario\/opera-sipario-a-magia-da-opera-italiana-pelo-brasil\/\">\n                                    <span class=\"text\">Leia mais<\/span>\n                                    <svg class=\"icon\">\n                                    <use xlink:href=\"https:\/\/iicsanpaolo.esteri.it\/wp-content\/themes\/sedi-tema\/assets\/svg\/sprites.svg#it-arrow-right\"><\/use>\n                                    <\/svg>\n                                <\/a>\n                                                        <\/div>\n                                                    <\/div>\n                    <\/div>\n                <\/div>\n                <!--end card-->\n                <\/div><!-- col-12 .mt-3-->\n                            <div class=\"col-12 mt-3\">\n                <!--start card-->\n                <div class=\"card-wrapper card-space\">\n                    <div class=\"card card-bg card-big border-bottom-card\">\n                        <div class=\"card-body row\">\n                                                    <div class=\"col-sm-3\">\n                                <div class=\"img-responsive\">\n                                    <figure class=\"img-wrapper\">\n                                        <a href=\"https:\/\/iicsanpaolo.esteri.it\/pt\/gli_eventi\/calendario\/scienze-ciclo-di-conferenze-dallintelligenza-artificiale-alle-intelligenze-ecologiche\/\" title=\"Leia o artigo: Ci\u00eancias | Ciclo de confer\u00eancias Da Intelig\u00eancia Artificial \u00e0s Intelig\u00eancias Ecol\u00f3gicas\">\n                                                                                            <img loading=\"lazy\" decoding=\"async\" width=\"300\" height=\"300\" src=\"https:\/\/iicsanpaolo.esteri.it\/wp-content\/uploads\/2026\/06\/WhatsApp-Image-2026-05-27-at-10.58.54-300x300.jpeg\" srcset=\"https:\/\/iicsanpaolo.esteri.it\/wp-content\/uploads\/2026\/06\/WhatsApp-Image-2026-05-27-at-10.58.54.jpeg 1080w, https:\/\/iicsanpaolo.esteri.it\/wp-content\/uploads\/2026\/06\/WhatsApp-Image-2026-05-27-at-10.58.54-300x300.jpeg 300w, https:\/\/iicsanpaolo.esteri.it\/wp-content\/uploads\/2026\/06\/WhatsApp-Image-2026-05-27-at-10.58.54-1024x1024.jpeg 1024w, https:\/\/iicsanpaolo.esteri.it\/wp-content\/uploads\/2026\/06\/WhatsApp-Image-2026-05-27-at-10.58.54-150x150.jpeg 150w, https:\/\/iicsanpaolo.esteri.it\/wp-content\/uploads\/2026\/06\/WhatsApp-Image-2026-05-27-at-10.58.54-768x768.jpeg 768w\" sizes=\"auto, (max-width: 1080px) 100vw, 1080px\"  title=\"WhatsApp Image 2026-05-27 at 10.58.54\" alt=\"\" class=\"img-fluid\">\n                                                                                    <\/a>\n                                    <\/figure>\n                                <\/div>\n                            <\/div>\n                            <div class=\"col-sm-9\">\n                                                            <div class=\"category-top\">\n                                    <span class=\"fw-bold text-success\">Em andamento<\/span>                                                                        <span class=\"data\">\n                                        <svg class=\"icon icon-secondary\">\n                                            <use xlink:href=\"https:\/\/iicsanpaolo.esteri.it\/wp-content\/themes\/sedi-tema\/assets\/svg\/sprites.svg#it-calendar\"><\/use>\n                                        <\/svg> Qua Jun 03 2026<svg class=\"icon icon-xs icon-secondary me-1 ms-1\"><use href=\"https:\/\/iicsanpaolo.esteri.it\/wp-content\/themes\/sedi-tema\/assets\/svg\/sprites.svg#it-arrow-right\"><\/use><\/svg>Qua Dez 09 2026                                    <\/span>\n                                                                    <\/div>\n                            <h5 class=\"card-title big-heading text-uppercase\"><a class=\"text-body text-decoration-none\" href=\"https:\/\/iicsanpaolo.esteri.it\/pt\/gli_eventi\/calendario\/scienze-ciclo-di-conferenze-dallintelligenza-artificiale-alle-intelligenze-ecologiche\/\" title=\"Ci\u00eancias | Ciclo de confer\u00eancias Da Intelig\u00eancia Artificial \u00e0s Intelig\u00eancias Ecol\u00f3gicas\">Ci\u00eancias | Ciclo de confer\u00eancias Da Intelig\u00eancia Artificial \u00e0s Intelig\u00eancias Ecol\u00f3gicas<\/a><\/h5>\n                            <p class=\"card-text\">O Centro de Pesquisa Atopos da USP e o CLIMARES \u2014 Centro de Pesquisa em Resili\u00eancia a Crises e Desastres Clim\u00e1ticos promovem o ciclo de confer\u00eancias Da Intelig\u00eancia Artificial \u00e0s Intelig\u00eancias Ecol\u00f3gicas, iniciativa que re\u00fane pesquisadores nacionais e internacionais para discutir as transforma\u00e7\u00f5es contempor\u00e2neas nas rela\u00e7\u00f5es entre tecnologia, ambiente e intelig\u00eancia. Partindo das mudan\u00e7as clim\u00e1ticas [&hellip;]<\/p>\n                                <a title=\"Ci\u00eancias | Ciclo de confer\u00eancias Da Intelig\u00eancia Artificial \u00e0s Intelig\u00eancias Ecol\u00f3gicas\" class=\"read-more\" href=\"https:\/\/iicsanpaolo.esteri.it\/pt\/gli_eventi\/calendario\/scienze-ciclo-di-conferenze-dallintelligenza-artificiale-alle-intelligenze-ecologiche\/\">\n                                    <span class=\"text\">Leia mais<\/span>\n                                    <svg class=\"icon\">\n                                    <use xlink:href=\"https:\/\/iicsanpaolo.esteri.it\/wp-content\/themes\/sedi-tema\/assets\/svg\/sprites.svg#it-arrow-right\"><\/use>\n                                    <\/svg>\n                                <\/a>\n                                                        <\/div>\n                                                    <\/div>\n                    <\/div>\n                <\/div>\n                <!--end card-->\n                <\/div><!-- col-12 .mt-3-->\n                            <div class=\"col-12 mt-3\">\n                <!--start card-->\n                <div class=\"card-wrapper card-space\">\n                    <div class=\"card card-bg card-big border-bottom-card\">\n                        <div class=\"card-body row\">\n                                                    <div class=\"col-sm-3\">\n                                <div class=\"img-responsive\">\n                                    <figure class=\"img-wrapper\">\n                                        <a href=\"https:\/\/iicsanpaolo.esteri.it\/pt\/gli_eventi\/calendario\/turismo-itinerarios-culturais-italianos-em-sao-paulo-iii-edicao\/\" title=\"Leia o artigo: Turismo | Itiner\u00e1rios Culturais Italianos em S\u00e3o Paulo &#8211; III edi\u00e7\u00e3o\">\n                                                                                            <img loading=\"lazy\" decoding=\"async\" width=\"300\" height=\"176\" src=\"https:\/\/iicsanpaolo.esteri.it\/wp-content\/uploads\/2026\/06\/IIC_CAPAS_ITINERARIOS_3aed-FOCUS-300x176.jpg\" srcset=\"https:\/\/iicsanpaolo.esteri.it\/wp-content\/uploads\/2026\/06\/IIC_CAPAS_ITINERARIOS_3aed-FOCUS.jpg 1920w, https:\/\/iicsanpaolo.esteri.it\/wp-content\/uploads\/2026\/06\/IIC_CAPAS_ITINERARIOS_3aed-FOCUS-300x176.jpg 300w, https:\/\/iicsanpaolo.esteri.it\/wp-content\/uploads\/2026\/06\/IIC_CAPAS_ITINERARIOS_3aed-FOCUS-1024x600.jpg 1024w, https:\/\/iicsanpaolo.esteri.it\/wp-content\/uploads\/2026\/06\/IIC_CAPAS_ITINERARIOS_3aed-FOCUS-768x450.jpg 768w\" sizes=\"auto, (max-width: 1920px) 100vw, 1920px\"  title=\"IIC_CAPAS_ITINERARIOS_3aed-FOCUS\" alt=\"\" class=\"img-fluid\">\n                                                                                    <\/a>\n                                    <\/figure>\n                                <\/div>\n                            <\/div>\n                            <div class=\"col-sm-9\">\n                                                            <div class=\"category-top\">\n                                    <span class=\"fw-bold text-success\">Em andamento<\/span>                                                                        <span class=\"data\">\n                                        <svg class=\"icon icon-secondary\">\n                                            <use xlink:href=\"https:\/\/iicsanpaolo.esteri.it\/wp-content\/themes\/sedi-tema\/assets\/svg\/sprites.svg#it-calendar\"><\/use>\n                                        <\/svg> S\u00e1b Jul 25 2026<svg class=\"icon icon-xs icon-secondary me-1 ms-1\"><use href=\"https:\/\/iicsanpaolo.esteri.it\/wp-content\/themes\/sedi-tema\/assets\/svg\/sprites.svg#it-arrow-right\"><\/use><\/svg>S\u00e1b Out 10 2026                                    <\/span>\n                                                                    <\/div>\n                            <h5 class=\"card-title big-heading text-uppercase\"><a class=\"text-body text-decoration-none\" href=\"https:\/\/iicsanpaolo.esteri.it\/pt\/gli_eventi\/calendario\/turismo-itinerarios-culturais-italianos-em-sao-paulo-iii-edicao\/\" title=\"Turismo | Itiner\u00e1rios Culturais Italianos em S\u00e3o Paulo &#8211; III edi\u00e7\u00e3o\">Turismo | Itiner\u00e1rios Culturais Italianos em S\u00e3o Paulo &#8211; III edi\u00e7\u00e3o<\/a><\/h5>\n                            <p class=\"card-text\">com Giuliano Orlando O evento tem como objetivo valorizar o patrim\u00f4nio art\u00edstico, hist\u00f3rico e cultural da cidade de S\u00e3o Paulo, oferecendo aos visitantes a oportunidade \u00fanica de explorar as ra\u00edzes italianas da metr\u00f3pole. Est\u00e3o previstos dois itiner\u00e1rios a p\u00e9, no centro hist\u00f3rico e no bairro de Higien\u00f3polis. &nbsp; Patrim\u00f4nio Art\u00edstico, Hist\u00f3rico e Cultural Italiano do [&hellip;]<\/p>\n                                <a title=\"Turismo | Itiner\u00e1rios Culturais Italianos em S\u00e3o Paulo &#8211; III edi\u00e7\u00e3o\" class=\"read-more\" href=\"https:\/\/iicsanpaolo.esteri.it\/pt\/gli_eventi\/calendario\/turismo-itinerarios-culturais-italianos-em-sao-paulo-iii-edicao\/\">\n                                    <span class=\"text\">Leia mais<\/span>\n                                    <svg class=\"icon\">\n                                    <use xlink:href=\"https:\/\/iicsanpaolo.esteri.it\/wp-content\/themes\/sedi-tema\/assets\/svg\/sprites.svg#it-arrow-right\"><\/use>\n                                    <\/svg>\n                                <\/a>\n                                                        <\/div>\n                                                    <\/div>\n                    <\/div>\n                <\/div>\n                <!--end card-->\n                <\/div><!-- col-12 .mt-3-->\n                            <div class=\"col-12 mt-3\">\n                <!--start card-->\n                <div class=\"card-wrapper card-space\">\n                    <div class=\"card card-bg card-big border-bottom-card\">\n                        <div class=\"card-body row\">\n                                                    <div class=\"col-sm-3\">\n                                <div class=\"img-responsive\">\n                                    <figure class=\"img-wrapper\">\n                                        <a href=\"https:\/\/iicsanpaolo.esteri.it\/pt\/gli_eventi\/calendario\/musica-echi-mediterranei-tra-lirismo-strumentale-e-ritmi-di-danza-tournee-del-m-andrea-roberto\/\" title=\"Leia o artigo: M\u00fasica | Echi Mediterranei: tra lirismo strumentale e ritmi di danza &#8211; Turn\u00ea do M\u00b0 Andrea Roberto\">\n                                                                                            <img loading=\"lazy\" decoding=\"async\" width=\"300\" height=\"178\" src=\"https:\/\/iicsanpaolo.esteri.it\/wp-content\/uploads\/2026\/07\/Tournee-Andrea-Roberto_or-copia-28-07-26-300x178.jpg\" srcset=\"https:\/\/iicsanpaolo.esteri.it\/wp-content\/uploads\/2026\/07\/Tournee-Andrea-Roberto_or-copia-28-07-26.jpg 1900w, https:\/\/iicsanpaolo.esteri.it\/wp-content\/uploads\/2026\/07\/Tournee-Andrea-Roberto_or-copia-28-07-26-300x178.jpg 300w, https:\/\/iicsanpaolo.esteri.it\/wp-content\/uploads\/2026\/07\/Tournee-Andrea-Roberto_or-copia-28-07-26-1024x606.jpg 1024w, https:\/\/iicsanpaolo.esteri.it\/wp-content\/uploads\/2026\/07\/Tournee-Andrea-Roberto_or-copia-28-07-26-768x455.jpg 768w\" sizes=\"auto, (max-width: 1900px) 100vw, 1900px\"  title=\"Tourn\u00e9e Andrea Roberto_or copia 28 07 26\" alt=\"\" class=\"img-fluid\">\n                                                                                    <\/a>\n                                    <\/figure>\n                                <\/div>\n                            <\/div>\n                            <div class=\"col-sm-9\">\n                                                            <div class=\"category-top\">\n                                    <span class=\"fw-bold text-success\">Em andamento<\/span>                                                                        <span class=\"data\">\n                                        <svg class=\"icon icon-secondary\">\n                                            <use xlink:href=\"https:\/\/iicsanpaolo.esteri.it\/wp-content\/themes\/sedi-tema\/assets\/svg\/sprites.svg#it-calendar\"><\/use>\n                                        <\/svg> Qui Ago 06 2026<svg class=\"icon icon-xs icon-secondary me-1 ms-1\"><use href=\"https:\/\/iicsanpaolo.esteri.it\/wp-content\/themes\/sedi-tema\/assets\/svg\/sprites.svg#it-arrow-right\"><\/use><\/svg>Qua Set 09 2026                                    <\/span>\n                                                                    <\/div>\n                            <h5 class=\"card-title big-heading text-uppercase\"><a class=\"text-body text-decoration-none\" href=\"https:\/\/iicsanpaolo.esteri.it\/pt\/gli_eventi\/calendario\/musica-echi-mediterranei-tra-lirismo-strumentale-e-ritmi-di-danza-tournee-del-m-andrea-roberto\/\" title=\"M\u00fasica | Echi Mediterranei: tra lirismo strumentale e ritmi di danza &#8211; Turn\u00ea do M\u00b0 Andrea Roberto\">M\u00fasica | Echi Mediterranei: tra lirismo strumentale e ritmi di danza &#8211; Turn\u00ea do M\u00b0 Andrea Roberto<\/a><\/h5>\n                            <p class=\"card-text\">O Instituto Italiano de Cultura de S\u00e3o Paulo apoia a turn\u00ea brasileira do violonista italiano Andrea Roberto. A iniciativa integra a turn\u00ea Echi Mediterranei: tra lirismo strumentale e ritmi di danza, realizada em colabora\u00e7\u00e3o com universidades federais brasileiras e com o Conservat\u00f3rio &#8220;Niccol\u00f2 Piccinni&#8221;, de Bari, promovendo o interc\u00e2mbio art\u00edstico e acad\u00eamico entre Brasil e [&hellip;]<\/p>\n                                <a title=\"M\u00fasica | Echi Mediterranei: tra lirismo strumentale e ritmi di danza &#8211; Turn\u00ea do M\u00b0 Andrea Roberto\" class=\"read-more\" href=\"https:\/\/iicsanpaolo.esteri.it\/pt\/gli_eventi\/calendario\/musica-echi-mediterranei-tra-lirismo-strumentale-e-ritmi-di-danza-tournee-del-m-andrea-roberto\/\">\n                                    <span class=\"text\">Leia mais<\/span>\n                                    <svg class=\"icon\">\n                                    <use xlink:href=\"https:\/\/iicsanpaolo.esteri.it\/wp-content\/themes\/sedi-tema\/assets\/svg\/sprites.svg#it-arrow-right\"><\/use>\n                                    <\/svg>\n                                <\/a>\n                                                        <\/div>\n                                                    <\/div>\n                    <\/div>\n                <\/div>\n                <!--end card-->\n                <\/div><!-- col-12 .mt-3-->\n                            <div class=\"col-12 mt-3\">\n                <!--start card-->\n                <div class=\"card-wrapper card-space\">\n                    <div class=\"card card-bg card-big border-bottom-card\">\n                        <div class=\"card-body row\">\n                                                    <div class=\"col-sm-3\">\n                                <div class=\"img-responsive\">\n                                    <figure class=\"img-wrapper\">\n                                        <a href=\"https:\/\/iicsanpaolo.esteri.it\/pt\/gli_eventi\/calendario\/cinema-1976-50-anos-depois\/\" title=\"Leia o artigo: Cinema | 1976 \u2013 50 ANOS DEPOIS\">\n                                                                                            <img loading=\"lazy\" decoding=\"async\" width=\"240\" height=\"300\" src=\"https:\/\/iicsanpaolo.esteri.it\/wp-content\/uploads\/2026\/08\/p1_1976-240x300.jpg\" srcset=\"https:\/\/iicsanpaolo.esteri.it\/wp-content\/uploads\/2026\/08\/p1_1976.jpg 1200w, https:\/\/iicsanpaolo.esteri.it\/wp-content\/uploads\/2026\/08\/p1_1976-240x300.jpg 240w, https:\/\/iicsanpaolo.esteri.it\/wp-content\/uploads\/2026\/08\/p1_1976-819x1024.jpg 819w, https:\/\/iicsanpaolo.esteri.it\/wp-content\/uploads\/2026\/08\/p1_1976-768x960.jpg 768w\" sizes=\"auto, (max-width: 1200px) 100vw, 1200px\"  title=\"p1_1976\" alt=\"\" class=\"img-fluid\">\n                                                                                    <\/a>\n                                    <\/figure>\n                                <\/div>\n                            <\/div>\n                            <div class=\"col-sm-9\">\n                                                            <div class=\"category-top\">\n                                    <span class=\"fw-bold \"><\/span>                                                                        <span class=\"\">\n                                        <svg class=\"icon icon-secondary\">\n                                            <use xlink:href=\"https:\/\/iicsanpaolo.esteri.it\/wp-content\/themes\/sedi-tema\/assets\/svg\/sprites.svg#it-calendar\"><\/use>\n                                        <\/svg> Qua Set 09 2026<svg class=\"icon icon-xs icon-secondary me-1 ms-1\"><use href=\"https:\/\/iicsanpaolo.esteri.it\/wp-content\/themes\/sedi-tema\/assets\/svg\/sprites.svg#it-arrow-right\"><\/use><\/svg>Dom Set 20 2026                                    <\/span>\n                                                                    <\/div>\n                            <h5 class=\"card-title big-heading text-uppercase\"><a class=\"text-body text-decoration-none\" href=\"https:\/\/iicsanpaolo.esteri.it\/pt\/gli_eventi\/calendario\/cinema-1976-50-anos-depois\/\" title=\"Cinema | 1976 \u2013 50 ANOS DEPOIS\">Cinema | 1976 \u2013 50 ANOS DEPOIS<\/a><\/h5>\n                            <p class=\"card-text\">Entre os dias 9 e 20 de setembro, a Cinemateca Brasileira apresenta a mostra 1976 \u2013 50 ANOS DEPOIS. Dando continuidade ao projeto iniciado em 2022, dedicado \u00e0 celebra\u00e7\u00e3o dos filmes lan\u00e7ados h\u00e1 meio s\u00e9culo, a quinta edi\u00e7\u00e3o do evento re\u00fane uma rica sele\u00e7\u00e3o de obras nacionais e internacionais que recuperam a est\u00e9tica, os temas [&hellip;]<\/p>\n                                <a title=\"Cinema | 1976 \u2013 50 ANOS DEPOIS\" class=\"read-more\" href=\"https:\/\/iicsanpaolo.esteri.it\/pt\/gli_eventi\/calendario\/cinema-1976-50-anos-depois\/\">\n                                    <span class=\"text\">Leia mais<\/span>\n                                    <svg class=\"icon\">\n                                    <use xlink:href=\"https:\/\/iicsanpaolo.esteri.it\/wp-content\/themes\/sedi-tema\/assets\/svg\/sprites.svg#it-arrow-right\"><\/use>\n                                    <\/svg>\n                                <\/a>\n                                                        <\/div>\n                                                    <\/div>\n                    <\/div>\n                <\/div>\n                <!--end card-->\n                <\/div><!-- col-12 .mt-3-->\n                            <div class=\"col-12 mt-3\">\n                <!--start card-->\n                <div class=\"card-wrapper card-space\">\n                    <div class=\"card card-bg card-big border-bottom-card\">\n                        <div class=\"card-body row\">\n                                                    <div class=\"col-sm-3\">\n                                <div class=\"img-responsive\">\n                                    <figure class=\"img-wrapper\">\n                                        <a href=\"https:\/\/iicsanpaolo.esteri.it\/pt\/gli_eventi\/calendario\/design-palestra-especial-em-homenagem-a-grandes-icones-da-historia-e-do-design-italiano\/\" title=\"Leia o artigo: DESIGN | Palestra especial em homenagem a grandes \u00edcones da hist\u00f3ria e do design italiano\">\n                                                                                            <img loading=\"lazy\" decoding=\"async\" width=\"240\" height=\"300\" src=\"https:\/\/iicsanpaolo.esteri.it\/wp-content\/uploads\/2026\/08\/Circolo-Auto-10-settembre-240x300.jpg\" srcset=\"https:\/\/iicsanpaolo.esteri.it\/wp-content\/uploads\/2026\/08\/Circolo-Auto-10-settembre.jpg 1080w, https:\/\/iicsanpaolo.esteri.it\/wp-content\/uploads\/2026\/08\/Circolo-Auto-10-settembre-240x300.jpg 240w, https:\/\/iicsanpaolo.esteri.it\/wp-content\/uploads\/2026\/08\/Circolo-Auto-10-settembre-819x1024.jpg 819w, https:\/\/iicsanpaolo.esteri.it\/wp-content\/uploads\/2026\/08\/Circolo-Auto-10-settembre-768x960.jpg 768w\" sizes=\"auto, (max-width: 1080px) 100vw, 1080px\"  title=\"Circolo Auto 10 settembre\" alt=\"\" class=\"img-fluid\">\n                                                                                    <\/a>\n                                    <\/figure>\n                                <\/div>\n                            <\/div>\n                            <div class=\"col-sm-9\">\n                                                            <div class=\"category-top\">\n                                    <span class=\"fw-bold \"><\/span>                                                                        <span class=\"\">\n                                        <svg class=\"icon icon-secondary\">\n                                            <use xlink:href=\"https:\/\/iicsanpaolo.esteri.it\/wp-content\/themes\/sedi-tema\/assets\/svg\/sprites.svg#it-calendar\"><\/use>\n                                        <\/svg> Qui Set 10 2026<svg class=\"icon icon-xs icon-secondary me-1 ms-1\"><use href=\"https:\/\/iicsanpaolo.esteri.it\/wp-content\/themes\/sedi-tema\/assets\/svg\/sprites.svg#it-arrow-right\"><\/use><\/svg>Qui Set 10 2026                                    <\/span>\n                                                                    <\/div>\n                            <h5 class=\"card-title big-heading text-uppercase\"><a class=\"text-body text-decoration-none\" href=\"https:\/\/iicsanpaolo.esteri.it\/pt\/gli_eventi\/calendario\/design-palestra-especial-em-homenagem-a-grandes-icones-da-historia-e-do-design-italiano\/\" title=\"DESIGN | Palestra especial em homenagem a grandes \u00edcones da hist\u00f3ria e do design italiano\">DESIGN | Palestra especial em homenagem a grandes \u00edcones da hist\u00f3ria e do design italiano<\/a><\/h5>\n                            <p class=\"card-text\">No dia 10 de setembro, \u00e0s 19h, o Istituto Italiano di Cultura, em S\u00e3o Paulo, ser\u00e1 palco de uma palestra especial em homenagem a tr\u00eas grandes \u00edcones do motociclismo e do automobilismo italiano: os 80 anos da Vespa, os 60 anos da Alfa Romeo Duetto Spider e os 100 anos da Ducati. Parte da programa\u00e7\u00e3o [&hellip;]<\/p>\n                                <a title=\"DESIGN | Palestra especial em homenagem a grandes \u00edcones da hist\u00f3ria e do design italiano\" class=\"read-more\" href=\"https:\/\/iicsanpaolo.esteri.it\/pt\/gli_eventi\/calendario\/design-palestra-especial-em-homenagem-a-grandes-icones-da-historia-e-do-design-italiano\/\">\n                                    <span class=\"text\">Leia mais<\/span>\n                                    <svg class=\"icon\">\n                                    <use xlink:href=\"https:\/\/iicsanpaolo.esteri.it\/wp-content\/themes\/sedi-tema\/assets\/svg\/sprites.svg#it-arrow-right\"><\/use>\n                                    <\/svg>\n                                <\/a>\n                                                        <\/div>\n                                                    <\/div>\n                    <\/div>\n                <\/div>\n                <!--end card-->\n                <\/div><!-- col-12 .mt-3-->\n                            <div class=\"col-12 mt-3\">\n                <!--start card-->\n                <div class=\"card-wrapper card-space\">\n                    <div class=\"card card-bg card-big border-bottom-card\">\n                        <div class=\"card-body row\">\n                                                    <div class=\"col-sm-3\">\n                                <div class=\"img-responsive\">\n                                    <figure class=\"img-wrapper\">\n                                        <a href=\"https:\/\/iicsanpaolo.esteri.it\/pt\/gli_eventi\/calendario\/design-3o-circoloauto-2026\/\" title=\"Leia o artigo: DESIGN | 3\u00ba Circolo Auto 2026\">\n                                                                                        <picture>\n                                                <source type=\"image\/webp\" srcset=\"https:\/\/iicsanpaolo.esteri.it\/wp-content\/themes\/sedi-tema\/assets\/img\/img-default.webp\">\n                                                <source type=\"image\/jpg\" srcset=\"https:\/\/iicsanpaolo.esteri.it\/wp-content\/themes\/sedi-tema\/assets\/img\/img-default.jpg\">\n                                                <img loading=\"lazy\" decoding=\"async\" class=\"img-fluid\" width=\"179\" height=\"125\" src=\"https:\/\/iicsanpaolo.esteri.it\/wp-content\/themes\/sedi-tema\/assets\/img\/img-default.jpg\" alt=\"DESIGN | 3\u00ba Circolo Auto 2026\" title=\"DESIGN | 3\u00ba Circolo Auto 2026\">\n                                            <\/picture>\n                                                                                    <\/a>\n                                    <\/figure>\n                                <\/div>\n                            <\/div>\n                            <div class=\"col-sm-9\">\n                                                            <div class=\"category-top\">\n                                    <span class=\"fw-bold \"><\/span>                                                                        <span class=\"\">\n                                        <svg class=\"icon icon-secondary\">\n                                            <use xlink:href=\"https:\/\/iicsanpaolo.esteri.it\/wp-content\/themes\/sedi-tema\/assets\/svg\/sprites.svg#it-calendar\"><\/use>\n                                        <\/svg> Dom Set 13 2026<svg class=\"icon icon-xs icon-secondary me-1 ms-1\"><use href=\"https:\/\/iicsanpaolo.esteri.it\/wp-content\/themes\/sedi-tema\/assets\/svg\/sprites.svg#it-arrow-right\"><\/use><\/svg>Dom Set 13 2026                                    <\/span>\n                                                                    <\/div>\n                            <h5 class=\"card-title big-heading text-uppercase\"><a class=\"text-body text-decoration-none\" href=\"https:\/\/iicsanpaolo.esteri.it\/pt\/gli_eventi\/calendario\/design-3o-circoloauto-2026\/\" title=\"DESIGN | 3\u00ba Circolo Auto 2026\">DESIGN | 3\u00ba Circolo Auto 2026<\/a><\/h5>\n                            <p class=\"card-text\">No dia 13 de setembro, S\u00e3o Paulo ser\u00e1 cen\u00e1rio de um dos encontros mais elegantes e especiais dedicados \u00e0 hist\u00f3ria do antigomobilismo e motociclismo italianos. A programa\u00e7\u00e3o come\u00e7a \u00e0s 8h, impreterivelmente, no Col\u00e9gio Dante Alighieri, onde os participantes far\u00e3o a retirada dos adesivos de credenciamento para seus carros ou motos e das pulseiras de acesso [&hellip;]<\/p>\n                                <a title=\"DESIGN | 3\u00ba Circolo Auto 2026\" class=\"read-more\" href=\"https:\/\/iicsanpaolo.esteri.it\/pt\/gli_eventi\/calendario\/design-3o-circoloauto-2026\/\">\n                                    <span class=\"text\">Leia mais<\/span>\n                                    <svg class=\"icon\">\n                                    <use xlink:href=\"https:\/\/iicsanpaolo.esteri.it\/wp-content\/themes\/sedi-tema\/assets\/svg\/sprites.svg#it-arrow-right\"><\/use>\n                                    <\/svg>\n                                <\/a>\n                                                        <\/div>\n                                                    <\/div>\n                    <\/div>\n                <\/div>\n                <!--end card-->\n                <\/div><!-- col-12 .mt-3-->\n                            <div class=\"col-12 mt-3\">\n                <!--start card-->\n                <div class=\"card-wrapper card-space\">\n                    <div class=\"card card-bg card-big border-bottom-card\">\n                        <div class=\"card-body row\">\n                                                    <div class=\"col-sm-3\">\n                                <div class=\"img-responsive\">\n                                    <figure class=\"img-wrapper\">\n                                        <a href=\"https:\/\/iicsanpaolo.esteri.it\/pt\/gli_eventi\/calendario\/arte-exposicao-guido-totoli-e-sao-francisco-terra-transformacao-espirito\/\" title=\"Leia o artigo: Arte | Exposi\u00e7\u00e3o: &#8220;Guido Totoli e S\u00e3o Francisco. Terra, Transforma\u00e7\u00e3o, Esp\u00edrito&#8221;\">\n                                                                                            <img loading=\"lazy\" decoding=\"async\" width=\"300\" height=\"176\" src=\"https:\/\/iicsanpaolo.esteri.it\/wp-content\/uploads\/2026\/07\/IIC_TOTOLI_CAPAS_V02-02-300x176.jpg\" srcset=\"https:\/\/iicsanpaolo.esteri.it\/wp-content\/uploads\/2026\/07\/IIC_TOTOLI_CAPAS_V02-02.jpg 1000w, https:\/\/iicsanpaolo.esteri.it\/wp-content\/uploads\/2026\/07\/IIC_TOTOLI_CAPAS_V02-02-300x176.jpg 300w, https:\/\/iicsanpaolo.esteri.it\/wp-content\/uploads\/2026\/07\/IIC_TOTOLI_CAPAS_V02-02-768x449.jpg 768w\" sizes=\"auto, (max-width: 1000px) 100vw, 1000px\"  title=\"IIC_TOTOLI_CAPAS_V02-02\" alt=\"\" class=\"img-fluid\">\n                                                                                    <\/a>\n                                    <\/figure>\n                                <\/div>\n                            <\/div>\n                            <div class=\"col-sm-9\">\n                                                            <div class=\"category-top\">\n                                    <span class=\"fw-bold \"><\/span>                                                                        <span class=\"\">\n                                        <svg class=\"icon icon-secondary\">\n                                            <use xlink:href=\"https:\/\/iicsanpaolo.esteri.it\/wp-content\/themes\/sedi-tema\/assets\/svg\/sprites.svg#it-calendar\"><\/use>\n                                        <\/svg> Qui Set 17 2026<svg class=\"icon icon-xs icon-secondary me-1 ms-1\"><use href=\"https:\/\/iicsanpaolo.esteri.it\/wp-content\/themes\/sedi-tema\/assets\/svg\/sprites.svg#it-arrow-right\"><\/use><\/svg>S\u00e1b Nov 07 2026                                    <\/span>\n                                                                    <\/div>\n                            <h5 class=\"card-title big-heading text-uppercase\"><a class=\"text-body text-decoration-none\" href=\"https:\/\/iicsanpaolo.esteri.it\/pt\/gli_eventi\/calendario\/arte-exposicao-guido-totoli-e-sao-francisco-terra-transformacao-espirito\/\" title=\"Arte | Exposi\u00e7\u00e3o: &#8220;Guido Totoli e S\u00e3o Francisco. Terra, Transforma\u00e7\u00e3o, Esp\u00edrito&#8221;\">Arte | Exposi\u00e7\u00e3o: &#8220;Guido Totoli e S\u00e3o Francisco. Terra, Transforma\u00e7\u00e3o, Esp\u00edrito&#8221;<\/a><\/h5>\n                            <p class=\"card-text\">O Instituto Italiano de Cultura de S\u00e3o Paulo inaugura, no dia 17 de setembro, a exposi\u00e7\u00e3o Guido Totoli e S\u00e3o Francisco. Terra, Transforma\u00e7\u00e3o, Esp\u00edrito, dedicada \u00e0 obra do artista italiano Guido Totoli. A mostra encerra o ciclo de iniciativas promovidas pelo Instituto em homenagem aos 800 anos da morte de S\u00e3o Francisco de Assis, celebrado [&hellip;]<\/p>\n                                <a title=\"Arte | Exposi\u00e7\u00e3o: &#8220;Guido Totoli e S\u00e3o Francisco. Terra, Transforma\u00e7\u00e3o, Esp\u00edrito&#8221;\" class=\"read-more\" href=\"https:\/\/iicsanpaolo.esteri.it\/pt\/gli_eventi\/calendario\/arte-exposicao-guido-totoli-e-sao-francisco-terra-transformacao-espirito\/\">\n                                    <span class=\"text\">Leia mais<\/span>\n                                    <svg class=\"icon\">\n                                    <use xlink:href=\"https:\/\/iicsanpaolo.esteri.it\/wp-content\/themes\/sedi-tema\/assets\/svg\/sprites.svg#it-arrow-right\"><\/use>\n                                    <\/svg>\n                                <\/a>\n                                                        <\/div>\n                                                    <\/div>\n                    <\/div>\n                <\/div>\n                <!--end card-->\n                <\/div><!-- col-12 .mt-3-->\n            \n            <div class=\"col-md-12 mt-4 pb-4\">\n                <nav class=\"navigation col-md-12\" aria-label=\"Navigation\">\n                    <h2 class=\"screen-reader-text visually-hidden\">Pagina\u00e7\u00e3o<\/h2>\n                    <div class=\"nav-links\">\n                                        <\/div>\n                <\/nav>\n            <\/div>   <!--.col-md-12 -->\n              <\/div><!--.row -->\n              \n","protected":false},"excerpt":{"rendered":"","protected":false},"author":3,"featured_media":0,"parent":32,"menu_order":0,"comment_status":"closed","ping_status":"closed","template":"","meta":{"footnotes":""},"class_list":["post-758","page","type-page","status-publish","hentry"],"_links":{"self":[{"href":"https:\/\/iicsanpaolo.esteri.it\/pt\/wp-json\/wp\/v2\/pages\/758","targetHints":{"allow":["GET"]}}],"collection":[{"href":"https:\/\/iicsanpaolo.esteri.it\/pt\/wp-json\/wp\/v2\/pages"}],"about":[{"href":"https:\/\/iicsanpaolo.esteri.it\/pt\/wp-json\/wp\/v2\/types\/page"}],"author":[{"embeddable":true,"href":"https:\/\/iicsanpaolo.esteri.it\/pt\/wp-json\/wp\/v2\/users\/3"}],"replies":[{"embeddable":true,"href":"https:\/\/iicsanpaolo.esteri.it\/pt\/wp-json\/wp\/v2\/comments?post=758"}],"version-history":[{"count":1,"href":"https:\/\/iicsanpaolo.esteri.it\/pt\/wp-json\/wp\/v2\/pages\/758\/revisions"}],"predecessor-version":[{"id":5683,"href":"https:\/\/iicsanpaolo.esteri.it\/pt\/wp-json\/wp\/v2\/pages\/758\/revisions\/5683"}],"up":[{"embeddable":true,"href":"https:\/\/iicsanpaolo.esteri.it\/pt\/wp-json\/wp\/v2\/pages\/32"}],"wp:attachment":[{"href":"https:\/\/iicsanpaolo.esteri.it\/pt\/wp-json\/wp\/v2\/media?parent=758"}],"curies":[{"name":"wp","href":"https:\/\/api.w.org\/{rel}","templated":true}]}}